{"id":58197,"date":"2025-10-03T19:41:56","date_gmt":"2025-10-03T17:41:56","guid":{"rendered":"https:\/\/www.alpibiellesi.eu\/le-chemin-dermenegildo\/"},"modified":"2025-10-04T09:12:38","modified_gmt":"2025-10-04T07:12:38","slug":"le-chemin-dermenegildo","status":"publish","type":"page","link":"https:\/\/www.alpibiellesi.eu\/fr\/le-chemin-dermenegildo\/","title":{"rendered":"Le chemin d&rsquo;Ermenegildo"},"content":{"rendered":"<p><div class=\"fusion-fullwidth fullwidth-box fusion-builder-row-1 fusion-flex-container has-pattern-background has-mask-background hundred-percent-fullwidth non-hundred-percent-height-scrolling\" style=\"--awb-border-radius-top-left:0px;--awb-border-radius-top-right:0px;--awb-border-radius-bottom-right:0px;--awb-border-radius-bottom-left:0px;--awb-padding-top:0px;--awb-padding-right:0px;--awb-padding-bottom:0px;--awb-padding-left:0px;--awb-margin-top:0px;--awb-margin-bottom:0px;--awb-flex-wrap:wrap;\" ><div class=\"fusion-builder-row fusion-row fusion-flex-align-items-flex-start fusion-flex-content-wrap\" style=\"width:104% !important;max-width:104% !important;margin-left: calc(-4% \/ 2 );margin-right: calc(-4% \/ 2 );\"><div class=\"fusion-layout-column fusion_builder_column fusion-builder-column-0 fusion_builder_column_1_1 1_1 fusion-flex-column\" style=\"--awb-bg-size:cover;--awb-width-large:100%;--awb-margin-top-large:0px;--awb-spacing-right-large:1.92%;--awb-margin-bottom-large:20px;--awb-spacing-left-large:1.92%;--awb-width-medium:100%;--awb-order-medium:0;--awb-spacing-right-medium:1.92%;--awb-spacing-left-medium:1.92%;--awb-width-small:100%;--awb-order-small:0;--awb-spacing-right-small:1.92%;--awb-spacing-left-small:1.92%;\"><div class=\"fusion-column-wrapper fusion-column-has-shadow fusion-flex-justify-content-flex-start fusion-content-layout-column\"><div class=\"fusion-image-element \" style=\"--awb-caption-title-font-family:var(--h2_typography-font-family);--awb-caption-title-font-weight:var(--h2_typography-font-weight);--awb-caption-title-font-style:var(--h2_typography-font-style);--awb-caption-title-size:var(--h2_typography-font-size);--awb-caption-title-transform:var(--h2_typography-text-transform);--awb-caption-title-line-height:var(--h2_typography-line-height);--awb-caption-title-letter-spacing:var(--h2_typography-letter-spacing);\"><span class=\" fusion-imageframe imageframe-none imageframe-1 hover-type-none\"><img decoding=\"async\" width=\"1920\" height=\"700\" title=\"CamminoErmenegildo 1920&#215;700\" src=\"https:\/\/www.alpibiellesi.eu\/wp-content\/uploads\/2025\/06\/CamminoErmenegildo-1920x700-1.png\" alt class=\"img-responsive wp-image-56977\" srcset=\"https:\/\/www.alpibiellesi.eu\/wp-content\/uploads\/2025\/06\/CamminoErmenegildo-1920x700-1-200x73.png 200w, https:\/\/www.alpibiellesi.eu\/wp-content\/uploads\/2025\/06\/CamminoErmenegildo-1920x700-1-400x146.png 400w, https:\/\/www.alpibiellesi.eu\/wp-content\/uploads\/2025\/06\/CamminoErmenegildo-1920x700-1-600x219.png 600w, https:\/\/www.alpibiellesi.eu\/wp-content\/uploads\/2025\/06\/CamminoErmenegildo-1920x700-1-800x292.png 800w, https:\/\/www.alpibiellesi.eu\/wp-content\/uploads\/2025\/06\/CamminoErmenegildo-1920x700-1-1200x438.png 1200w, https:\/\/www.alpibiellesi.eu\/wp-content\/uploads\/2025\/06\/CamminoErmenegildo-1920x700-1.png 1920w\" sizes=\"(max-width: 1024px) 100vw, (max-width: 640px) 100vw, 1200px\" \/><\/span><\/div><\/div><\/div><\/div><\/div><div class=\"fusion-fullwidth fullwidth-box fusion-builder-row-2 fusion-flex-container has-pattern-background has-mask-background nonhundred-percent-fullwidth non-hundred-percent-height-scrolling\" style=\"--awb-border-radius-top-left:0px;--awb-border-radius-top-right:0px;--awb-border-radius-bottom-right:0px;--awb-border-radius-bottom-left:0px;--awb-flex-wrap:wrap;\" ><div class=\"fusion-builder-row fusion-row fusion-flex-align-items-flex-start fusion-flex-content-wrap\" style=\"max-width:1144px;margin-left: calc(-4% \/ 2 );margin-right: calc(-4% \/ 2 );\"><div class=\"fusion-layout-column fusion_builder_column fusion-builder-column-1 fusion_builder_column_1_1 1_1 fusion-flex-column\" style=\"--awb-bg-size:cover;--awb-width-large:100%;--awb-margin-top-large:0px;--awb-spacing-right-large:1.92%;--awb-margin-bottom-large:20px;--awb-spacing-left-large:1.92%;--awb-width-medium:100%;--awb-order-medium:0;--awb-spacing-right-medium:1.92%;--awb-spacing-left-medium:1.92%;--awb-width-small:100%;--awb-order-small:0;--awb-spacing-right-small:1.92%;--awb-spacing-left-small:1.92%;\"><div class=\"fusion-column-wrapper fusion-column-has-shadow fusion-flex-justify-content-flex-start fusion-content-layout-column\"><div style=\"text-align:center;\"><a class=\"fusion-button button-3d fusion-button-default-size button-custom fusion-button-default button-1 fusion-button-default-span fusion-has-button-gradient\" style=\"--button_bevel_color:#6d9633;--button_bevel_color_hover:#506e26;--button_accent_color:#ffffff;--button_border_color:#ffffff;--button_accent_hover_color:#ffffff;--button_border_hover_color:#ffffff;--button-border-radius-top-left:80px;--button-border-radius-top-right:80px;--button-border-radius-bottom-right:80px;--button-border-radius-bottom-left:80px;--button_gradient_angle:96deg;--button_gradient_top_color:#9cb738;--button_gradient_bottom_color:#6d9633;--button_gradient:radial-gradient(circle at center center,#9cb738 0%,#6d9633 100%);--button_gradient_top_color_hover:#6d9633;--button_gradient_bottom_color_hover:#506e26;--button_gradient_hover:radial-gradient(circle at center center,#6d9633 0%,#506e26 100%);--button_text_transform:none;--button_font_size:23px;--button_line_height:1.2;--button_padding-top:22px;--button_padding-right:45px;--button_padding-bottom:22px;--button_padding-left:30px;--button_typography-letter-spacing:-0.015em;--button_typography-font-family:&quot;Anta&quot;;--button_typography-font-style:normal;--button_typography-font-weight:400;--button_margin-top:25px;--button_margin-bottom:55px;\" target=\"_blank\" rel=\"noopener noreferrer\" data-hover=\"icon_slide\" href=\"https:\/\/www.overalp.it\/eventi-programmati\/?re-product-id=320765&amp;rwstep=product\"><i class=\"icon-ui-user awb-button__icon awb-button__icon--default button-icon-left\" aria-hidden=\"true\"><\/i><span class=\"fusion-button-text awb-button__text awb-button__text--default\">Les vendredi 10, samedi 11 et dimanche 12 octobre 2025, accompagn\u00e9s des guides Overalp, vous parcourrez les trois \u00e9tapes d&rsquo;une boucle de 51 km pour un d\u00e9nivel\u00e9 positif de 2\u00a0020 m. Cette exp\u00e9rience est recommand\u00e9e aux randonneurs exp\u00e9riment\u00e9s. Pour plus d&rsquo;informations, rendez-vous sur www.overalp.it\/eventi&#8230;<\/span><\/a><\/div><\/div><\/div><\/div><\/div><div class=\"fusion-fullwidth fullwidth-box fusion-builder-row-3 fusion-flex-container nonhundred-percent-fullwidth non-hundred-percent-height-scrolling\" style=\"--awb-border-radius-top-left:0px;--awb-border-radius-top-right:0px;--awb-border-radius-bottom-right:0px;--awb-border-radius-bottom-left:0px;--awb-flex-wrap:wrap;\" ><div class=\"fusion-builder-row fusion-row fusion-flex-align-items-flex-start fusion-flex-content-wrap\" style=\"max-width:1144px;margin-left: calc(-4% \/ 2 );margin-right: calc(-4% \/ 2 );\"><div class=\"fusion-layout-column fusion_builder_column fusion-builder-column-2 fusion_builder_column_2_3 2_3 fusion-flex-column\" style=\"--awb-bg-blend:overlay;--awb-bg-size:cover;--awb-width-large:66.666666666667%;--awb-margin-top-large:0px;--awb-spacing-right-large:2.88%;--awb-margin-bottom-large:20px;--awb-spacing-left-large:2.88%;--awb-width-medium:100%;--awb-spacing-right-medium:1.92%;--awb-spacing-left-medium:1.92%;--awb-width-small:100%;--awb-spacing-right-small:1.92%;--awb-spacing-left-small:1.92%;\"><div class=\"fusion-column-wrapper fusion-flex-justify-content-flex-start fusion-content-layout-column\"><div class=\"fusion-title title fusion-title-1 fusion-title-text fusion-title-size-two\"><div class=\"title-sep-container title-sep-container-left fusion-no-large-visibility fusion-no-medium-visibility fusion-no-small-visibility\"><div class=\"title-sep sep-double sep-solid\" style=\"border-color:#e0dede;\"><\/div><\/div><span class=\"awb-title-spacer fusion-no-large-visibility fusion-no-medium-visibility fusion-no-small-visibility\"><\/span><h2 class=\"fusion-title-heading title-heading-left fusion-responsive-typography-calculated\" style=\"margin:0;--fontSize:18;--minFontSize:18;line-height:1.5;\">Le chemin de Ermenegildo<\/h2><span class=\"awb-title-spacer\"><\/span><div class=\"title-sep-container title-sep-container-right\"><div class=\"title-sep sep-double sep-solid\" style=\"border-color:#e0dede;\"><\/div><\/div><\/div><div class=\"fusion-text fusion-text-1\"><p>Le Sentier Ermenegildo est un circuit de randonn\u00e9e de trois jours, long de 51 km et pr\u00e9sentant un d\u00e9nivel\u00e9 positif total de 2\u00a0020 m\u00e8tres, con\u00e7u pour les randonneurs interm\u00e9diaires.<\/p>\n<p>Le sentier traverse les sites embl\u00e9matiques de l&rsquo;Oasi Zegna, une r\u00e9gion montagneuse d&rsquo;une beaut\u00e9 naturelle extraordinaire, fa\u00e7onn\u00e9e depuis le d\u00e9but du XXe si\u00e8cle par la vision visionnaire de l&rsquo;entrepreneur Ermenegildo Zegna, le \u00ab\u00a0voyageur solitaire\u00a0\u00bb.<\/p>\n<p>Un voyage \u00e0 travers la nature et la m\u00e9moire<\/p>\n<p>Le Sentier Ermenegildo est bien plus qu&rsquo;un itin\u00e9raire de randonn\u00e9e\u00a0: c&rsquo;est un voyage au c\u0153ur de l&rsquo;identit\u00e9 culturelle et environnementale de la r\u00e9gion, sur les traces d&rsquo;un homme qui a consacr\u00e9 sa vie \u00e0 rendre les montagnes accessibles, vivables et fertiles, offrant des opportunit\u00e9s aux communaut\u00e9s locales.<\/p>\n<p>Au cours de ce trek de trois jours, d&rsquo;une dur\u00e9e totale estim\u00e9e \u00e0 16 heures, les participants traverseront un paysage de plus de 100 km\u00b2, jalonn\u00e9 de for\u00eats, de p\u00e2turages d&rsquo;altitude, de sentiers naturels et de vues spectaculaires sur la plaine du P\u00f4 et les Alpes.<\/p>\n<p>Ce trek a \u00e9t\u00e9 con\u00e7u comme une exp\u00e9rience pour ceux qui souhaitent d\u00e9couvrir de nouveaux horizons sans s&rsquo;engager sur un itin\u00e9raire exigeant. Il est id\u00e9al pour les randonneurs passionn\u00e9s de montagne, d&rsquo;histoire et de sport.<\/p>\n<p>LA RANDONN\u00c9E EN TROIS \u00c9TAPES<br \/>\u00c9tape 1 \u2013 De Trivero Valdilana \u00e0 Bocchetto Sessera<br \/>Le trek commence \u00e0 Trivero Valdilana, o\u00f9 se trouve encore la filature de laine Zegna, et serpente \u00e0 travers for\u00eats et p\u00e2turages jusqu&rsquo;\u00e0 Bocchetto Sessera, point de jonction entre la plaine du P\u00f4 et la sauvage Valsessera.<br \/>C&rsquo;est ici qu&rsquo;Ermenegildo Zegna a parcouru les pentes pour tracer le meilleur itin\u00e9raire vers la Panoramica Zegna, la route qui fait office de charni\u00e8re entre Trivero Valdilana et Bocchetto Sessera, avant de poursuivre vers la pittoresque Valle Cervo.<br \/>Aujourd&rsquo;hui, Bocchetto Sessera est le point de d\u00e9part de nombreuses randonn\u00e9es et une excellente halte pour se ressourcer \u00e0 l&rsquo;auberge du m\u00eame nom ou louer des v\u00e9los en \u00e9t\u00e9 et des raquettes en hiver.<br \/>Longueur\u00a0: 15\u00a0km<br \/>D\u00e9nivel\u00e9\u00a0: 880\u00a0m<br \/>Dur\u00e9e approximative\u00a0: 5\u00a0heures<\/p>\n<p>\u00c9tape\u00a02 \u2013 Alta Valsessera\u00a0: Au c\u0153ur sauvage de l&rsquo;Oasi Zegna<br \/>La deuxi\u00e8me \u00e9tape circulaire commence et se termine \u00e0 Bocchetto Sessera en passant par Valsessera, un site g\u00e9ologique important (la faille insubrique, jonction entre les plaques africaine et europ\u00e9enne, y passe) et la zone la plus sauvage de l&rsquo;Oasi Zegna.<br \/>Le long du parcours, vous d\u00e9couvrirez \u00e9galement d&rsquo;importants sites arch\u00e9ologiques miniers, t\u00e9moins de l&rsquo;activit\u00e9 mini\u00e8re historique de la vall\u00e9e.<br \/>\u00c0 Bocchetto Sessera, ne manquez pas l&rsquo;inscription d\u00e9di\u00e9e au \u00ab\u00a0voyageur solitaire\u00a0\u00bb, en m\u00e9moire d&rsquo;Ermenegildo Zegna et de sa passion pour la randonn\u00e9e en montagne.<br \/>Longueur\u00a0: 18\u00a0km<br \/>D\u00e9nivel\u00e9\u00a0: 810\u00a0m<br \/>Dur\u00e9e approximative\u00a0: 6\u00a0heures<br \/>Praticable toute l&rsquo;ann\u00e9e, sauf en hiver en raison des chutes de neige possibles.<\/p>\n<p>\u00c9tape\u00a03 \u2013 Retour panoramique \u00e0 Trivero Valdilana<br \/>Le retour de Bocchetto Sessera \u00e0 Trivero Valdilana emprunte d&rsquo;anciens sentiers, des chemins muletiers et des sentiers forestiers cr\u00e9\u00e9s lors de la construction de la route panoramique Zegna.<br \/>En chemin, vous rencontrerez la Locanda Argimonia, dont l&rsquo;histoire est \u00e9troitement li\u00e9e \u00e0 la construction de la route\u00a0: pour g\u00e9rer le creusement des tunnels n\u00e9cessaires au franchissement de l&rsquo;\u00e9peron rocheux d&rsquo;Argimonia, entre Bocchetta Luvera et Bielmonte, une cabane de chantier fut construite pour abriter les ouvriers et les v\u00e9hicules. Elle devint ensuite une auberge et un restaurant, offrant une halte rafra\u00eechissante aux randonneurs.<br \/>Longueur\u00a0: 18\u00a0km<br \/>D\u00e9nivel\u00e9\u00a0: 330\u00a0m<br \/>Dur\u00e9e approximative\u00a0: 5\u00a0heures<\/p>\n<p>Le Sentier Ermenegildo est un circuit de randonn\u00e9e de trois jours, long de 51 km et pr\u00e9sentant un d\u00e9nivel\u00e9 positif total de 2\u00a0020 m\u00e8tres, con\u00e7u pour les randonneurs interm\u00e9diaires.<\/span><\/span><span class=\"jCAhz ChMk0b\"><span class=\"ryNqvb\"> Le sentier traverse les sites embl\u00e9matiques de l&rsquo;Oasi Zegna, une r\u00e9gion montagneuse d&rsquo;une beaut\u00e9 naturelle extraordinaire, fa\u00e7onn\u00e9e depuis le d\u00e9but du XXe si\u00e8cle par la vision visionnaire de l&rsquo;entrepreneur Ermenegildo Zegna, le \u00ab\u00a0voyageur solitaire\u00a0\u00bb.<\/span><\/span><span class=\"jCAhz ChMk0b\"><span class=\"ryNqvb\"> Un voyage \u00e0 travers la nature et la m\u00e9moire Le Sentier Ermenegildo est bien plus qu&rsquo;un itin\u00e9raire de randonn\u00e9e\u00a0: c&rsquo;est un voyage au c\u0153ur de l&rsquo;identit\u00e9 culturelle et environnementale de la r\u00e9gion, sur les traces d&rsquo;un homme qui a consacr\u00e9 sa vie \u00e0 rendre les montagnes accessibles, vivables et fertiles, offrant des opportunit\u00e9s aux communaut\u00e9s locales.Au cours de ce trek de trois jours, d&rsquo;une dur\u00e9e totale estim\u00e9e \u00e0 16 heures, les participants traverseront un paysage de plus de 100 km\u00b2, jalonn\u00e9 de for\u00eats, de p\u00e2turages d&rsquo;altitude, de sentiers naturels et de vues spectaculaires sur la plaine du P\u00f4 et les Alpes.Ce trek a \u00e9t\u00e9 con\u00e7u comme une exp\u00e9rience pour ceux qui souhaitent d\u00e9couvrir de nouveaux horizons sans s&rsquo;engager sur un itin\u00e9raire exigeant.<\/span><\/span> <span class=\"jCAhz ChMk0b\"><span class=\"ryNqvb\">Il est id\u00e9al pour les randonneurs passionn\u00e9s de montagne, d&rsquo;histoire et de sport.<\/span><\/span><span class=\"jCAhz ChMk0b\"><span class=\"ryNqvb\"> LA RANDONN\u00c9E EN TROIS \u00c9TAPES \u00c9tape 1 \u2013 De Trivero Valdilana \u00e0 Bocchetto Sessera Le trek commence \u00e0 Trivero Valdilana, o\u00f9 se trouve encore la filature de laine Zegna, et serpente \u00e0 travers for\u00eats et p\u00e2turages jusqu&rsquo;\u00e0 Bocchetto Sessera, point de jonction entre la plaine du P\u00f4 et la sauvage Valsessera.<\/span><\/span><span class=\"jCAhz ChMk0b\"><span class=\"ryNqvb\"> C&rsquo;est ici qu&rsquo;Ermenegildo Zegna a parcouru les pentes pour tracer le meilleur itin\u00e9raire vers la Panoramica Zegna, la route qui fait office de charni\u00e8re entre Trivero Valdilana et Bocchetto Sessera, avant de poursuivre vers la pittoresque Valle Cervo.<\/span><\/span><span class=\"jCAhz\"><span class=\"ryNqvb\"> Aujourd&rsquo;hui, Bocchetto Sessera est le point de d\u00e9part de nombreuses randonn\u00e9es et une excellente halte pour se ressourcer \u00e0 l&rsquo;auberge du m\u00eame nom ou louer des v\u00e9los en \u00e9t\u00e9 et des raquettes en hiver.<\/span><\/span><span class=\"jCAhz ChMk0b\"><span class=\"ryNqvb\"> Longueur\u00a0: 15\u00a0km D\u00e9nivel\u00e9\u00a0: 880\u00a0m Dur\u00e9e approximative\u00a0: 5\u00a0heures \u00c9tape\u00a02 \u2013 Alta Valsessera\u00a0: Au c\u0153ur sauvage de l&rsquo;Oasi Zegna La deuxi\u00e8me \u00e9tape circulaire commence et se termine \u00e0 Bocchetto Sessera en passant par Valsessera, un site g\u00e9ologique important (la faille insubrique, jonction entre les plaques africaine et europ\u00e9enne, y passe) et la zone la plus sauvage de l&rsquo;Oasi Zegna.<\/span><\/span><span class=\"jCAhz ChMk0b\"><span class=\"ryNqvb\"> Le long du parcours, vous d\u00e9couvrirez \u00e9galement d&rsquo;importants sites arch\u00e9ologiques miniers, t\u00e9moins de l&rsquo;activit\u00e9 mini\u00e8re historique de la vall\u00e9e.<\/span><\/span><span class=\"jCAhz ChMk0b\"><span class=\"ryNqvb\"> \u00c0 Bocchetto Sessera, ne manquez pas l&rsquo;inscription d\u00e9di\u00e9e au \u00ab\u00a0voyageur solitaire\u00a0\u00bb, en m\u00e9moire d&rsquo;Ermenegildo Zegna et de sa passion pour la randonn\u00e9e en montagne.<\/span><\/span><span class=\"jCAhz\"><span class=\"ryNqvb\"> Longueur\u00a0: 18\u00a0km D\u00e9nivel\u00e9\u00a0: 810\u00a0m Dur\u00e9e approximative\u00a0: 6\u00a0heures Praticable toute l&rsquo;ann\u00e9e, sauf en hiver en raison des chutes de neige possibles.<\/span><\/span><span class=\"jCAhz ChMk0b\"><span class=\"ryNqvb\"> \u00c9tape\u00a03 \u2013 Retour panoramique \u00e0 Trivero Valdilana Le retour de Bocchetto Sessera \u00e0 Trivero Valdilana emprunte d&rsquo;anciens sentiers, des chemins muletiers et des sentiers forestiers cr\u00e9\u00e9s lors de la construction de la route panoramique Zegna.<\/span><\/span><span class=\"jCAhz ChMk0b\"><span class=\"ryNqvb\"> En chemin, vous rencontrerez la Locanda Argimonia, dont l&rsquo;histoire est \u00e9troitement li\u00e9e \u00e0 la construction de la route\u00a0: pour g\u00e9rer le creusement des tunnels n\u00e9cessaires au franchissement de l&rsquo;\u00e9peron rocheux d&rsquo;Argimonia, entre Bocchetta Luvera et Bielmonte, une cabane de chantier fut construite pour abriter les ouvriers et les v\u00e9hicules. Elle devint ensuite une auberge et un restaurant, offrant une halte rafra\u00eechissante aux randonneurs.Longueur\u00a0: 18\u00a0km D\u00e9nivel\u00e9\u00a0: 330\u00a0m Dur\u00e9e approximative\u00a0: 5\u00a0heures<\/p>\n<\/div><\/div><\/div><div class=\"fusion-layout-column fusion_builder_column fusion-builder-column-3 fusion_builder_column_1_3 1_3 fusion-flex-column\" style=\"--awb-padding-top:25px;--awb-padding-right:18px;--awb-padding-left:16px;--awb-overflow:hidden;--awb-bg-color:hsla(var(--awb-color4-h),var(--awb-color4-s),var(--awb-color4-l),calc(var(--awb-color4-a) - 80%));--awb-bg-color-hover:hsla(var(--awb-color4-h),var(--awb-color4-s),var(--awb-color4-l),calc(var(--awb-color4-a) - 80%));--awb-bg-blend:overlay;--awb-bg-size:cover;--awb-border-color:var(--awb-color6);--awb-border-top:1px;--awb-border-right:1px;--awb-border-bottom:1px;--awb-border-left:1px;--awb-border-style:solid;--awb-border-radius:15px 15px 15px 15px;--awb-width-large:33.333333333333%;--awb-margin-top-large:0px;--awb-spacing-right-large:5.76%;--awb-margin-bottom-large:20px;--awb-spacing-left-large:5.76%;--awb-width-medium:100%;--awb-spacing-right-medium:1.92%;--awb-spacing-left-medium:1.92%;--awb-width-small:100%;--awb-spacing-right-small:1.92%;--awb-spacing-left-small:1.92%;\"><div class=\"fusion-column-wrapper fusion-flex-justify-content-flex-start fusion-content-layout-column\"><div class=\"fusion-builder-row fusion-builder-row-inner fusion-row fusion-flex-align-items-flex-start fusion-flex-content-wrap\" style=\"width:104% !important;max-width:104% !important;margin-left: calc(-4% \/ 2 );margin-right: calc(-4% \/ 2 );\"><div class=\"fusion-layout-column fusion_builder_column_inner fusion-builder-nested-column-0 fusion_builder_column_inner_1_6 1_6 fusion-flex-column\" style=\"--awb-bg-size:cover;--awb-width-large:16.666666666667%;--awb-margin-top-large:0px;--awb-spacing-right-large:11.52%;--awb-margin-bottom-large:20px;--awb-spacing-left-large:11.52%;--awb-width-medium:100%;--awb-order-medium:0;--awb-spacing-right-medium:1.92%;--awb-spacing-left-medium:1.92%;--awb-width-small:16.666666666667%;--awb-order-small:0;--awb-spacing-right-small:11.52%;--awb-spacing-left-small:11.52%;\"><div class=\"fusion-column-wrapper fusion-column-has-shadow fusion-flex-justify-content-flex-start fusion-content-layout-column\"><i class=\"fb-icon-element-1 fb-icon-element fontawesome-icon fa-home fas circle-no fusion-text-flow\" style=\"--awb-iconcolor:var(--awb-color7);--awb-iconcolor-hover:var(--awb-color7);--awb-font-size:25px;--awb-margin-right:12.5px;\"><\/i><\/div><\/div><div class=\"fusion-layout-column fusion_builder_column_inner fusion-builder-nested-column-1 fusion_builder_column_inner_5_6 5_6 fusion-flex-column\" style=\"--awb-bg-size:cover;--awb-width-large:83.333333333333%;--awb-margin-top-large:0px;--awb-spacing-right-large:2.304%;--awb-margin-bottom-large:20px;--awb-spacing-left-large:2.304%;--awb-width-medium:100%;--awb-order-medium:0;--awb-spacing-right-medium:1.92%;--awb-spacing-left-medium:1.92%;--awb-width-small:83.333333333333%;--awb-order-small:0;--awb-spacing-right-small:2.304%;--awb-spacing-left-small:2.304%;\"><div class=\"fusion-column-wrapper fusion-column-has-shadow fusion-flex-justify-content-flex-start fusion-content-layout-column\"><div class=\"fusion-text fusion-text-2 fusion-text-no-margin\"><p><strong>Type<\/strong><br \/>Pour des experts grimpeurs<\/p>\n<p>&nbsp;<\/p>\n<p>&nbsp;<\/p>\n<\/div><\/div><\/div><\/div><div class=\"fusion-builder-row fusion-builder-row-inner fusion-row fusion-flex-align-items-flex-start fusion-flex-content-wrap\" style=\"width:104% !important;max-width:104% !important;margin-left: calc(-4% \/ 2 );margin-right: calc(-4% \/ 2 );\"><div class=\"fusion-layout-column fusion_builder_column_inner fusion-builder-nested-column-2 fusion_builder_column_inner_1_6 1_6 fusion-flex-column\" style=\"--awb-bg-size:cover;--awb-width-large:16.666666666667%;--awb-margin-top-large:0px;--awb-spacing-right-large:11.52%;--awb-margin-bottom-large:20px;--awb-spacing-left-large:11.52%;--awb-width-medium:100%;--awb-order-medium:0;--awb-spacing-right-medium:1.92%;--awb-spacing-left-medium:1.92%;--awb-width-small:16.666666666667%;--awb-order-small:0;--awb-spacing-right-small:11.52%;--awb-spacing-left-small:11.52%;\"><div class=\"fusion-column-wrapper fusion-column-has-shadow fusion-flex-justify-content-flex-start fusion-content-layout-column\"><i class=\"fb-icon-element-2 fb-icon-element fontawesome-icon fa-external-link-alt fas circle-no fusion-text-flow\" style=\"--awb-iconcolor:var(--awb-color7);--awb-iconcolor-hover:var(--awb-color7);--awb-font-size:25px;--awb-margin-right:12.5px;\"><\/i><\/div><\/div><div class=\"fusion-layout-column fusion_builder_column_inner fusion-builder-nested-column-3 fusion_builder_column_inner_5_6 5_6 fusion-flex-column\" style=\"--awb-bg-size:cover;--awb-width-large:83.333333333333%;--awb-margin-top-large:0px;--awb-spacing-right-large:2.304%;--awb-margin-bottom-large:20px;--awb-spacing-left-large:2.304%;--awb-width-medium:100%;--awb-order-medium:0;--awb-spacing-right-medium:1.92%;--awb-spacing-left-medium:1.92%;--awb-width-small:83.333333333333%;--awb-order-small:0;--awb-spacing-right-small:2.304%;--awb-spacing-left-small:2.304%;\"><div class=\"fusion-column-wrapper fusion-column-has-shadow fusion-flex-justify-content-flex-start fusion-content-layout-column\"><div class=\"fusion-text fusion-text-3 fusion-text-no-margin\"><p><strong>Web: <\/strong><a href=\"https:\/\/www.oasizegna.com\/it\/il-cammino-di-ermenegildo\/scopri-il-cammino-di-ermenegildo-oasi-zegna_11388.html\">www.oasizegna.com.it\/il cammino di ermenegildo\u00a0<\/a><br \/>FB il cammino di ermenegildo<\/p>\n<\/div><\/div><\/div><\/div><\/div><\/div><div class=\"fusion-layout-column fusion_builder_column fusion-builder-column-4 fusion_builder_column_1_1 1_1 fusion-flex-column fusion-column-inner-bg-wrapper\" style=\"--awb-inner-bg-blend:overlay;--awb-inner-bg-size:cover;--awb-width-large:100%;--awb-margin-top-large:0px;--awb-spacing-right-large:1.92%;--awb-margin-bottom-large:20px;--awb-spacing-left-large:1.92%;--awb-width-medium:100%;--awb-order-medium:0;--awb-spacing-right-medium:1.92%;--awb-spacing-left-medium:1.92%;--awb-width-small:100%;--awb-order-small:0;--awb-spacing-right-small:1.92%;--awb-spacing-left-small:1.92%;\" data-scroll-devices=\"small-visibility,medium-visibility,large-visibility\"><span class=\"fusion-column-inner-bg hover-type-none\"><a class=\"fusion-column-anchor\" href=\"https:\/\/www.oasizegna.com\/it\/il-cammino-di-ermenegildo\/\"><span class=\"fusion-column-inner-bg-image\"><\/span><\/a><\/span><div class=\"fusion-column-wrapper fusion-column-has-shadow fusion-flex-justify-content-flex-start fusion-content-layout-column\"><div class=\"fusion-title title fusion-title-2 fusion-title-text fusion-title-size-two\"><div class=\"title-sep-container title-sep-container-left fusion-no-large-visibility fusion-no-medium-visibility fusion-no-small-visibility\"><div class=\"title-sep sep-double sep-solid\" style=\"border-color:#e0dede;\"><\/div><\/div><span class=\"awb-title-spacer fusion-no-large-visibility fusion-no-medium-visibility fusion-no-small-visibility\"><\/span><h2 class=\"fusion-title-heading title-heading-left fusion-responsive-typography-calculated\" style=\"margin:0;--fontSize:18;--minFontSize:18;line-height:1.5;\">D\u00e9couvrez les lieux<\/h2><span class=\"awb-title-spacer\"><\/span><div class=\"title-sep-container title-sep-container-right\"><div class=\"title-sep sep-double sep-solid\" style=\"border-color:#e0dede;\"><\/div><\/div><\/div><div class=\"fusion-image-carousel fusion-image-carousel-auto fusion-image-carousel-1 fusion-carousel-border\"><div class=\"awb-carousel awb-swiper awb-swiper-carousel awb-carousel--carousel awb-swiper-dots-position-bottom\" data-layout=\"carousel\" data-autoplay=\"no\" data-autoplayspeed=\"2500\" data-autoplaypause=\"no\" data-columns=\"3\" data-columnsmedium=\"1\" data-columnssmall=\"1\" data-itemmargin=\"13\" data-itemwidth=\"180\" data-touchscroll=\"no\" data-freemode=\"no\" data-imagesize=\"auto\" data-scrollitems=\"0\" data-centeredslides=\"no\" data-rotationangle=\"50\" data-depth=\"100\" data-speed=\"500\" data-shadow=\"no\" data-pagination=\"bullets\" style=\"--awb-columns:3;--awb-border-width:1px;--awb-border-color:#e9eaee;\"><div class=\"swiper-wrapper awb-image-carousel-wrapper fusion-flex-align-items-center\"><div class=\"swiper-slide\"><div class=\"fusion-carousel-item-wrapper\"><div class=\"fusion-image-wrapper hover-type-zoomin\"><img decoding=\"async\" width=\"380\" height=\"241\" src=\"https:\/\/www.alpibiellesi.eu\/wp-content\/uploads\/2025\/07\/CamminoPassaporto-380-x-241.jpg\" class=\"attachment-full size-full\" alt=\"\" srcset=\"https:\/\/www.alpibiellesi.eu\/wp-content\/uploads\/2025\/07\/CamminoPassaporto-380-x-241-200x127.jpg 200w, https:\/\/www.alpibiellesi.eu\/wp-content\/uploads\/2025\/07\/CamminoPassaporto-380-x-241.jpg 380w\" sizes=\"(min-width: 2200px) 100vw, (min-width: 824px) 358px, (min-width: 732px) 537px, (min-width: 640px) 732px, \" \/><\/div><\/div><\/div><div class=\"swiper-slide\"><div class=\"fusion-carousel-item-wrapper\"><div class=\"fusion-image-wrapper hover-type-zoomin\"><img decoding=\"async\" width=\"380\" height=\"241\" src=\"https:\/\/www.alpibiellesi.eu\/wp-content\/uploads\/2025\/07\/CamminoNonnoSuMasso-380-x-241.jpg\" class=\"attachment-full size-full\" alt=\"\" srcset=\"https:\/\/www.alpibiellesi.eu\/wp-content\/uploads\/2025\/07\/CamminoNonnoSuMasso-380-x-241-200x127.jpg 200w, https:\/\/www.alpibiellesi.eu\/wp-content\/uploads\/2025\/07\/CamminoNonnoSuMasso-380-x-241.jpg 380w\" sizes=\"(min-width: 2200px) 100vw, (min-width: 824px) 358px, (min-width: 732px) 537px, (min-width: 640px) 732px, \" \/><\/div><\/div><\/div><div class=\"swiper-slide\"><div class=\"fusion-carousel-item-wrapper\"><div class=\"fusion-image-wrapper hover-type-zoomin\"><img decoding=\"async\" width=\"380\" height=\"241\" src=\"https:\/\/www.alpibiellesi.eu\/wp-content\/uploads\/2025\/07\/CamminoCartellonistica-380-x-241.jpg\" class=\"attachment-full size-full\" alt=\"\" srcset=\"https:\/\/www.alpibiellesi.eu\/wp-content\/uploads\/2025\/07\/CamminoCartellonistica-380-x-241-200x127.jpg 200w, https:\/\/www.alpibiellesi.eu\/wp-content\/uploads\/2025\/07\/CamminoCartellonistica-380-x-241.jpg 380w\" sizes=\"(min-width: 2200px) 100vw, (min-width: 824px) 358px, (min-width: 732px) 537px, (min-width: 640px) 732px, \" \/><\/div><\/div><\/div><\/div><div class=\"awb-swiper-button awb-swiper-button-prev\"><i class=\"awb-icon-angle-left\" aria-hidden=\"true\"><\/i><\/div><div class=\"awb-swiper-button awb-swiper-button-next\"><i class=\"awb-icon-angle-right\" aria-hidden=\"true\"><\/i><\/div><\/div><\/div><\/div><\/div><\/div><\/div><div class=\"fusion-fullwidth fullwidth-box fusion-builder-row-4 fusion-flex-container nonhundred-percent-fullwidth non-hundred-percent-height-scrolling\" style=\"--awb-border-radius-top-left:0px;--awb-border-radius-top-right:0px;--awb-border-radius-bottom-right:0px;--awb-border-radius-bottom-left:0px;--awb-flex-wrap:wrap;\" ><div class=\"fusion-builder-row fusion-row fusion-flex-align-items-flex-start fusion-flex-content-wrap\" style=\"max-width:1144px;margin-left: calc(-4% \/ 2 );margin-right: calc(-4% \/ 2 );\"><div class=\"fusion-layout-column fusion_builder_column fusion-builder-column-5 fusion_builder_column_1_1 1_1 fusion-flex-column\" style=\"--awb-overflow:hidden;--awb-bg-color:var(--awb-color6);--awb-bg-color-hover:var(--awb-color6);--awb-bg-size:cover;--awb-border-color:var(--awb-color4);--awb-border-style:solid;--awb-border-radius:10px 10px 10px 10px;--awb-width-large:100%;--awb-margin-top-large:0px;--awb-spacing-right-large:1.92%;--awb-margin-bottom-large:20px;--awb-spacing-left-large:1.92%;--awb-width-medium:100%;--awb-spacing-right-medium:1.92%;--awb-spacing-left-medium:1.92%;--awb-width-small:100%;--awb-spacing-right-small:1.92%;--awb-spacing-left-small:1.92%;\"><div class=\"fusion-column-wrapper fusion-flex-justify-content-flex-start fusion-content-layout-column\"><div class=\"fusion-title title fusion-title-3 fusion-sep-none fusion-title-text fusion-title-size-two\" style=\"--awb-text-color:var(--awb-color1);--awb-margin-top:10px;--awb-margin-right:10px;--awb-margin-bottom:10px;--awb-margin-left:10px;--awb-font-size:18px;\"><h2 class=\"fusion-title-heading title-heading-left fusion-responsive-typography-calculated\" style=\"font-family:var(--awb-typography1-font-family);font-weight:var(--awb-typography1-font-weight);font-style:var(--awb-typography1-font-style);margin:0;letter-spacing:var(--awb-typography1-letter-spacing);text-transform:var(--awb-typography1-text-transform);font-size:1em;--fontSize:18;--minFontSize:18;line-height:var(--awb-typography1-line-height);\">Dans la r\u00e9gion de Brughiera de Valdilana<\/h2><\/div><\/div><\/div><div class=\"fusion-layout-column fusion_builder_column fusion-builder-column-6 fusion_builder_column_1_3 1_3 fusion-flex-column\" style=\"--awb-bg-blend:overlay;--awb-bg-size:cover;--awb-width-large:33.333333333333%;--awb-margin-top-large:0px;--awb-spacing-right-large:5.76%;--awb-margin-bottom-large:20px;--awb-spacing-left-large:5.76%;--awb-width-medium:100%;--awb-spacing-right-medium:1.92%;--awb-spacing-left-medium:1.92%;--awb-width-small:100%;--awb-spacing-right-small:1.92%;--awb-spacing-left-small:1.92%;\"><div class=\"fusion-column-wrapper fusion-flex-justify-content-flex-start fusion-content-layout-column\"><div class=\"fusion-text fusion-text-4\"><p><a href=\"https:\/\/www.alpibiellesi.eu\/fr\/ferme-de-vacance-cascina-faggio\/\"><img decoding=\"async\" class=\"alignnone size-full wp-image-38924\" src=\"https:\/\/www.alpibiellesi.eu\/wp-content\/uploads\/2022\/10\/CascinaIlFaggio-esterno03.jpg\" alt=\"\" width=\"380\" height=\"241\" srcset=\"https:\/\/www.alpibiellesi.eu\/wp-content\/uploads\/2022\/10\/CascinaIlFaggio-esterno03-200x127.jpg 200w, https:\/\/www.alpibiellesi.eu\/wp-content\/uploads\/2022\/10\/CascinaIlFaggio-esterno03-300x190.jpg 300w, https:\/\/www.alpibiellesi.eu\/wp-content\/uploads\/2022\/10\/CascinaIlFaggio-esterno03-320x202.jpg 320w, https:\/\/www.alpibiellesi.eu\/wp-content\/uploads\/2022\/10\/CascinaIlFaggio-esterno03.jpg 380w\" sizes=\"(max-width: 380px) 100vw, 380px\" \/><\/a><\/p>\n<\/div><div class=\"fusion-text fusion-text-5\"><h3 style=\"text-align: left;\"><a href=\"https:\/\/www.alpibiellesi.eu\/fr\/ferme-de-vacance-cascina-faggio\/\">Agriturismo Cascina Il Faggio<\/a><\/h3>\n<\/div><\/div><\/div><div class=\"fusion-layout-column fusion_builder_column fusion-builder-column-7 fusion_builder_column_1_3 1_3 fusion-flex-column\" style=\"--awb-bg-blend:overlay;--awb-bg-size:cover;--awb-width-large:33.333333333333%;--awb-margin-top-large:0px;--awb-spacing-right-large:5.76%;--awb-margin-bottom-large:20px;--awb-spacing-left-large:5.76%;--awb-width-medium:100%;--awb-spacing-right-medium:1.92%;--awb-spacing-left-medium:1.92%;--awb-width-small:100%;--awb-spacing-right-small:1.92%;--awb-spacing-left-small:1.92%;\"><div class=\"fusion-column-wrapper fusion-flex-justify-content-flex-start fusion-content-layout-column\"><div class=\"fusion-text fusion-text-6\"><p><a title=\"Agriturismo Cascina dei Prapien\" href=\"https:\/\/www.alpibiellesi.eu\/fr\/ferme-de-vacance-cascina-dei-prapien\/\"><img decoding=\"async\" class=\"alignnone size-full wp-image-40678\" src=\"https:\/\/www.alpibiellesi.eu\/wp-content\/uploads\/2023\/01\/Prapien380-x-241-px.jpg\" alt=\"\" width=\"380\" height=\"241\" srcset=\"https:\/\/www.alpibiellesi.eu\/wp-content\/uploads\/2023\/01\/Prapien380-x-241-px-200x127.jpg 200w, https:\/\/www.alpibiellesi.eu\/wp-content\/uploads\/2023\/01\/Prapien380-x-241-px-300x190.jpg 300w, https:\/\/www.alpibiellesi.eu\/wp-content\/uploads\/2023\/01\/Prapien380-x-241-px-320x202.jpg 320w, https:\/\/www.alpibiellesi.eu\/wp-content\/uploads\/2023\/01\/Prapien380-x-241-px.jpg 380w\" sizes=\"(max-width: 380px) 100vw, 380px\" \/><\/a><\/p>\n<\/div><div class=\"fusion-text fusion-text-7\"><h3 style=\"text-align: left;\"><a href=\"https:\/\/www.alpibiellesi.eu\/dove-mangiare\/agriturismo-cascina-dei-prapien\/\">Agriturismo Cascina dei Prapien<\/a><\/h3>\n<\/div><\/div><\/div><div class=\"fusion-layout-column fusion_builder_column fusion-builder-column-8 fusion_builder_column_1_3 1_3 fusion-flex-column\" style=\"--awb-bg-blend:overlay;--awb-bg-size:cover;--awb-width-large:33.333333333333%;--awb-margin-top-large:0px;--awb-spacing-right-large:5.76%;--awb-margin-bottom-large:20px;--awb-spacing-left-large:5.76%;--awb-width-medium:100%;--awb-spacing-right-medium:1.92%;--awb-spacing-left-medium:1.92%;--awb-width-small:100%;--awb-spacing-right-small:1.92%;--awb-spacing-left-small:1.92%;\"><div class=\"fusion-column-wrapper fusion-flex-justify-content-flex-start fusion-content-layout-column\"><div class=\"fusion-text fusion-text-8\"><p><a title=\"Locanda Gribaud\" href=\"https:\/\/www.alpibiellesi.eu\/fr\/ou-manger\/auberge-gribaud\/\"><img decoding=\"async\" class=\"alignnone wp-image-41382 size-full\" src=\"https:\/\/www.alpibiellesi.eu\/wp-content\/uploads\/2023\/03\/LocandaGribaudEsterno380-x-241.jpg\" alt=\"\" width=\"380\" height=\"241\" srcset=\"https:\/\/www.alpibiellesi.eu\/wp-content\/uploads\/2023\/03\/LocandaGribaudEsterno380-x-241-200x127.jpg 200w, https:\/\/www.alpibiellesi.eu\/wp-content\/uploads\/2023\/03\/LocandaGribaudEsterno380-x-241-300x190.jpg 300w, https:\/\/www.alpibiellesi.eu\/wp-content\/uploads\/2023\/03\/LocandaGribaudEsterno380-x-241-320x202.jpg 320w, https:\/\/www.alpibiellesi.eu\/wp-content\/uploads\/2023\/03\/LocandaGribaudEsterno380-x-241.jpg 380w\" sizes=\"(max-width: 380px) 100vw, 380px\" \/><\/a><\/p>\n<\/div><div class=\"fusion-text fusion-text-9\"><h3 style=\"text-align: left;\"><a title=\"Locanda Gribaud\" href=\"https:\/\/www.alpibiellesi.eu\/fr\/ou-manger\/auberge-gribaud\/\">Locanda Gribaud<\/a><\/h3>\n<\/div><\/div><\/div><div class=\"fusion-layout-column fusion_builder_column fusion-builder-column-9 fusion_builder_column_1_1 1_1 fusion-flex-column\" style=\"--awb-overflow:hidden;--awb-bg-color:var(--awb-color6);--awb-bg-color-hover:var(--awb-color6);--awb-bg-size:cover;--awb-border-color:var(--awb-color4);--awb-border-style:solid;--awb-border-radius:10px 10px 10px 10px;--awb-width-large:100%;--awb-margin-top-large:0px;--awb-spacing-right-large:1.92%;--awb-margin-bottom-large:20px;--awb-spacing-left-large:1.92%;--awb-width-medium:100%;--awb-spacing-right-medium:1.92%;--awb-spacing-left-medium:1.92%;--awb-width-small:100%;--awb-spacing-right-small:1.92%;--awb-spacing-left-small:1.92%;\"><div class=\"fusion-column-wrapper fusion-flex-justify-content-flex-start fusion-content-layout-column\"><div class=\"fusion-title title fusion-title-4 fusion-sep-none fusion-title-text fusion-title-size-two\" style=\"--awb-text-color:var(--awb-color1);--awb-margin-top:10px;--awb-margin-right:10px;--awb-margin-bottom:10px;--awb-margin-left:10px;--awb-font-size:18px;\"><h2 class=\"fusion-title-heading title-heading-left fusion-responsive-typography-calculated\" style=\"font-family:var(--awb-typography1-font-family);font-weight:var(--awb-typography1-font-weight);font-style:var(--awb-typography1-font-style);margin:0;letter-spacing:var(--awb-typography1-letter-spacing);text-transform:var(--awb-typography1-text-transform);font-size:1em;--fontSize:18;--minFontSize:18;line-height:var(--awb-typography1-line-height);\">\u00c0 Bielmonte<\/h2><\/div><\/div><\/div><div class=\"fusion-layout-column fusion_builder_column fusion-builder-column-10 fusion_builder_column_1_3 1_3 fusion-flex-column\" style=\"--awb-bg-blend:overlay;--awb-bg-size:cover;--awb-width-large:33.333333333333%;--awb-margin-top-large:0px;--awb-spacing-right-large:5.76%;--awb-margin-bottom-large:20px;--awb-spacing-left-large:5.76%;--awb-width-medium:100%;--awb-spacing-right-medium:1.92%;--awb-spacing-left-medium:1.92%;--awb-width-small:100%;--awb-spacing-right-small:1.92%;--awb-spacing-left-small:1.92%;\"><div class=\"fusion-column-wrapper fusion-flex-justify-content-flex-start fusion-content-layout-column\"><div class=\"fusion-text fusion-text-10\"><p><a href=\"https:\/\/www.alpibiellesi.eu\/fr\/auberge-bocchetto-sessera\/\"><img decoding=\"async\" class=\"wp-image-11848 size-full aligncenter\" src=\"https:\/\/www.alpibiellesi.eu\/wp-content\/uploads\/2017\/09\/oasizegna-locanda-bocchetto-sessera.jpg\" alt=\"\" width=\"380\" height=\"241\" \/><\/a><\/p>\n<\/div><div class=\"fusion-text fusion-text-11\"><h3 style=\"text-align: left;\"><a href=\"https:\/\/www.alpibiellesi.eu\/fr\/auberge-bocchetto-sessera\/\">Locanda Bocchetto Sessera<\/a><\/h3>\n<\/div><\/div><\/div><div class=\"fusion-layout-column fusion_builder_column fusion-builder-column-11 fusion_builder_column_1_3 1_3 fusion-flex-column\" style=\"--awb-bg-blend:overlay;--awb-bg-size:cover;--awb-width-large:33.333333333333%;--awb-margin-top-large:0px;--awb-spacing-right-large:5.76%;--awb-margin-bottom-large:20px;--awb-spacing-left-large:5.76%;--awb-width-medium:100%;--awb-spacing-right-medium:1.92%;--awb-spacing-left-medium:1.92%;--awb-width-small:100%;--awb-spacing-right-small:1.92%;--awb-spacing-left-small:1.92%;\"><div class=\"fusion-column-wrapper fusion-flex-justify-content-flex-start fusion-content-layout-column\"><div class=\"fusion-text fusion-text-12\"><p><a title=\"Affittacamere Monticchio sport e camere\" href=\"https:\/\/www.alpibiellesi.eu\/fr\/ou-dormir\/maison-d-hotes-monticchio-sport-e-camere\/\"><img decoding=\"async\" class=\"alignnone size-full wp-image-42140\" src=\"https:\/\/www.alpibiellesi.eu\/wp-content\/uploads\/2023\/03\/MonticchioCamere380-x-241.jpg\" alt=\"\" width=\"380\" height=\"241\" srcset=\"https:\/\/www.alpibiellesi.eu\/wp-content\/uploads\/2023\/03\/MonticchioCamere380-x-241-200x127.jpg 200w, https:\/\/www.alpibiellesi.eu\/wp-content\/uploads\/2023\/03\/MonticchioCamere380-x-241-300x190.jpg 300w, https:\/\/www.alpibiellesi.eu\/wp-content\/uploads\/2023\/03\/MonticchioCamere380-x-241-320x202.jpg 320w, https:\/\/www.alpibiellesi.eu\/wp-content\/uploads\/2023\/03\/MonticchioCamere380-x-241.jpg 380w\" sizes=\"(max-width: 380px) 100vw, 380px\" \/><\/a><\/p>\n<\/div><div class=\"fusion-text fusion-text-13\"><h3 style=\"text-align: left;\"><a title=\"Affittacamere Monticchio sport e camere\" href=\"https:\/\/www.alpibiellesi.eu\/fr\/ou-dormir\/maison-d-hotes-monticchio-sport-e-camere\/\">Affittacamere Monticchio sport e camere<\/a><\/h3>\n<\/div><\/div><\/div><div class=\"fusion-layout-column fusion_builder_column fusion-builder-column-12 fusion_builder_column_1_1 1_1 fusion-flex-column\" style=\"--awb-overflow:hidden;--awb-bg-color:var(--awb-color6);--awb-bg-color-hover:var(--awb-color6);--awb-bg-size:cover;--awb-border-color:var(--awb-color4);--awb-border-style:solid;--awb-border-radius:10px 10px 10px 10px;--awb-width-large:100%;--awb-margin-top-large:0px;--awb-spacing-right-large:1.92%;--awb-margin-bottom-large:20px;--awb-spacing-left-large:1.92%;--awb-width-medium:100%;--awb-spacing-right-medium:1.92%;--awb-spacing-left-medium:1.92%;--awb-width-small:100%;--awb-spacing-right-small:1.92%;--awb-spacing-left-small:1.92%;\"><div class=\"fusion-column-wrapper fusion-flex-justify-content-flex-start fusion-content-layout-column\"><div class=\"fusion-title title fusion-title-5 fusion-sep-none fusion-title-text fusion-title-size-two\" style=\"--awb-text-color:var(--awb-color1);--awb-margin-top:10px;--awb-margin-right:10px;--awb-margin-bottom:10px;--awb-margin-left:10px;--awb-font-size:18px;\"><h2 class=\"fusion-title-heading title-heading-left fusion-responsive-typography-calculated\" style=\"font-family:var(--awb-typography1-font-family);font-weight:var(--awb-typography1-font-weight);font-style:var(--awb-typography1-font-style);margin:0;letter-spacing:var(--awb-typography1-letter-spacing);text-transform:var(--awb-typography1-text-transform);font-size:1em;--fontSize:18;--minFontSize:18;line-height:var(--awb-typography1-line-height);\">\u00c0 Bocchetto Luvera dans l&rsquo;oasis de Zegna<\/h2><\/div><\/div><\/div><div class=\"fusion-layout-column fusion_builder_column fusion-builder-column-13 fusion_builder_column_1_3 1_3 fusion-flex-column\" style=\"--awb-bg-blend:overlay;--awb-bg-size:cover;--awb-width-large:33.333333333333%;--awb-margin-top-large:0px;--awb-spacing-right-large:5.76%;--awb-margin-bottom-large:20px;--awb-spacing-left-large:5.76%;--awb-width-medium:100%;--awb-spacing-right-medium:1.92%;--awb-spacing-left-medium:1.92%;--awb-width-small:100%;--awb-spacing-right-small:1.92%;--awb-spacing-left-small:1.92%;\"><div class=\"fusion-column-wrapper fusion-flex-justify-content-flex-start fusion-content-layout-column\"><div class=\"fusion-text fusion-text-14\"><p><a href=\"https:\/\/www.alpibiellesi.eu\/fr\/ou-manger\/auberge-argimonia\/\"><img decoding=\"async\" class=\"wp-image-11848 size-full aligncenter\" src=\"https:\/\/www.alpibiellesi.eu\/wp-content\/uploads\/2017\/06\/oasizegna-locanda-argimonia.jpg\" alt=\"Oasi Zegna - Locanda Argimonia\" width=\"380\" height=\"241\" \/><\/a><\/p>\n<\/div><div class=\"fusion-text fusion-text-15\"><h3 style=\"text-align: left;\"><a href=\"https:\/\/www.alpibiellesi.eu\/fr\/ou-manger\/auberge-argimonia\/\">Bar ristorante Locanda Argimonia<\/a><\/h3>\n<\/div><\/div><\/div><\/div><\/div><\/p>\n","protected":false},"excerpt":{"rendered":"","protected":false},"author":38,"featured_media":0,"parent":0,"menu_order":0,"comment_status":"closed","ping_status":"closed","template":"100-width.php","meta":{"footnotes":""},"class_list":["post-58197","page","type-page","status-publish","hentry"],"aioseo_notices":[],"_links":{"self":[{"href":"https:\/\/www.alpibiellesi.eu\/fr\/wp-json\/wp\/v2\/pages\/58197","targetHints":{"allow":["GET"]}}],"collection":[{"href":"https:\/\/www.alpibiellesi.eu\/fr\/wp-json\/wp\/v2\/pages"}],"about":[{"href":"https:\/\/www.alpibiellesi.eu\/fr\/wp-json\/wp\/v2\/types\/page"}],"author":[{"embeddable":true,"href":"https:\/\/www.alpibiellesi.eu\/fr\/wp-json\/wp\/v2\/users\/38"}],"replies":[{"embeddable":true,"href":"https:\/\/www.alpibiellesi.eu\/fr\/wp-json\/wp\/v2\/comments?post=58197"}],"version-history":[{"count":0,"href":"https:\/\/www.alpibiellesi.eu\/fr\/wp-json\/wp\/v2\/pages\/58197\/revisions"}],"wp:attachment":[{"href":"https:\/\/www.alpibiellesi.eu\/fr\/wp-json\/wp\/v2\/media?parent=58197"}],"curies":[{"name":"wp","href":"https:\/\/api.w.org\/{rel}","templated":true}]}}