{"id":53178,"date":"2017-10-24T10:37:06","date_gmt":"2017-10-24T08:37:06","guid":{"rendered":"https:\/\/www.alpibiellesi.eu\/escursionismo\/"},"modified":"2026-02-17T11:17:47","modified_gmt":"2026-02-17T10:17:47","slug":"escursionismo","status":"publish","type":"page","link":"https:\/\/www.alpibiellesi.eu\/fr\/escursionismo\/","title":{"rendered":"Randonn\u00e9e"},"content":{"rendered":"<p><div class=\"fusion-fullwidth fullwidth-box fusion-builder-row-1 fusion-flex-container has-pattern-background has-mask-background hundred-percent-fullwidth non-hundred-percent-height-scrolling\" style=\"--awb-border-radius-top-left:0px;--awb-border-radius-top-right:0px;--awb-border-radius-bottom-right:0px;--awb-border-radius-bottom-left:0px;--awb-padding-top:0px;--awb-padding-right:0px;--awb-padding-bottom:0px;--awb-padding-left:0px;--awb-margin-top:0px;--awb-margin-bottom:0px;--awb-flex-wrap:wrap;\" ><div class=\"fusion-builder-row fusion-row fusion-flex-align-items-flex-start fusion-flex-content-wrap\" style=\"width:104% !important;max-width:104% !important;margin-left: calc(-4% \/ 2 );margin-right: calc(-4% \/ 2 );\"><div class=\"fusion-layout-column fusion_builder_column fusion-builder-column-0 fusion_builder_column_1_1 1_1 fusion-flex-column\" style=\"--awb-bg-size:cover;--awb-width-large:100%;--awb-margin-top-large:0px;--awb-spacing-right-large:1.92%;--awb-margin-bottom-large:20px;--awb-spacing-left-large:1.92%;--awb-width-medium:100%;--awb-order-medium:0;--awb-spacing-right-medium:1.92%;--awb-spacing-left-medium:1.92%;--awb-width-small:100%;--awb-order-small:0;--awb-spacing-right-small:1.92%;--awb-spacing-left-small:1.92%;\"><div class=\"fusion-column-wrapper fusion-column-has-shadow fusion-flex-justify-content-flex-start fusion-content-layout-column\"><div class=\"fusion-image-element \" style=\"--awb-caption-title-font-family:var(--h2_typography-font-family);--awb-caption-title-font-weight:var(--h2_typography-font-weight);--awb-caption-title-font-style:var(--h2_typography-font-style);--awb-caption-title-size:var(--h2_typography-font-size);--awb-caption-title-transform:var(--h2_typography-text-transform);--awb-caption-title-line-height:var(--h2_typography-line-height);--awb-caption-title-letter-spacing:var(--h2_typography-letter-spacing);\"><span class=\" fusion-imageframe imageframe-none imageframe-1 hover-type-none\"><img decoding=\"async\" width=\"1920\" height=\"700\" title=\"Copertina-esperienze-escursionismo\" src=\"https:\/\/www.alpibiellesi.eu\/wp-content\/uploads\/2022\/11\/Copertina-esperienze-escursionismo.jpg\" alt class=\"img-responsive wp-image-53183\" srcset=\"https:\/\/www.alpibiellesi.eu\/wp-content\/uploads\/2022\/11\/Copertina-esperienze-escursionismo-200x73.jpg 200w, https:\/\/www.alpibiellesi.eu\/wp-content\/uploads\/2022\/11\/Copertina-esperienze-escursionismo-400x146.jpg 400w, https:\/\/www.alpibiellesi.eu\/wp-content\/uploads\/2022\/11\/Copertina-esperienze-escursionismo-600x219.jpg 600w, https:\/\/www.alpibiellesi.eu\/wp-content\/uploads\/2022\/11\/Copertina-esperienze-escursionismo-800x292.jpg 800w, https:\/\/www.alpibiellesi.eu\/wp-content\/uploads\/2022\/11\/Copertina-esperienze-escursionismo-1200x438.jpg 1200w, https:\/\/www.alpibiellesi.eu\/wp-content\/uploads\/2022\/11\/Copertina-esperienze-escursionismo.jpg 1920w\" sizes=\"(max-width: 1024px) 100vw, (max-width: 640px) 100vw, 1200px\" \/><\/span><\/div><\/div><\/div><\/div><\/div><div class=\"fusion-fullwidth fullwidth-box fusion-builder-row-2 fusion-flex-container nonhundred-percent-fullwidth non-hundred-percent-height-scrolling\" style=\"--awb-border-radius-top-left:0px;--awb-border-radius-top-right:0px;--awb-border-radius-bottom-right:0px;--awb-border-radius-bottom-left:0px;--awb-flex-wrap:wrap;\" ><div class=\"fusion-builder-row fusion-row fusion-flex-align-items-flex-start fusion-flex-content-wrap\" style=\"max-width:1144px;margin-left: calc(-4% \/ 2 );margin-right: calc(-4% \/ 2 );\"><div class=\"fusion-layout-column fusion_builder_column fusion-builder-column-1 fusion_builder_column_2_3 2_3 fusion-flex-column\" style=\"--awb-bg-blend:overlay;--awb-bg-size:cover;--awb-width-large:66.666666666667%;--awb-margin-top-large:0px;--awb-spacing-right-large:2.88%;--awb-margin-bottom-large:20px;--awb-spacing-left-large:2.88%;--awb-width-medium:100%;--awb-spacing-right-medium:1.92%;--awb-spacing-left-medium:1.92%;--awb-width-small:100%;--awb-spacing-right-small:1.92%;--awb-spacing-left-small:1.92%;\"><div class=\"fusion-column-wrapper fusion-flex-justify-content-flex-start fusion-content-layout-column\"><div class=\"fusion-title title fusion-title-1 fusion-title-text fusion-title-size-two\"><div class=\"title-sep-container title-sep-container-left fusion-no-large-visibility fusion-no-medium-visibility fusion-no-small-visibility\"><div class=\"title-sep sep-double sep-solid\" style=\"border-color:#e0dede;\"><\/div><\/div><span class=\"awb-title-spacer fusion-no-large-visibility fusion-no-medium-visibility fusion-no-small-visibility\"><\/span><h2 class=\"fusion-title-heading title-heading-left fusion-responsive-typography-calculated\" style=\"margin:0;--fontSize:18;--minFontSize:18;line-height:1.5;\"><span style=\"vertical-align: inherit;\"><span style=\"vertical-align: inherit;\">Randonn\u00e9e<\/span><\/span><\/h2><span class=\"awb-title-spacer\"><\/span><div class=\"title-sep-container title-sep-container-right\"><div class=\"title-sep sep-double sep-solid\" style=\"border-color:#e0dede;\"><\/div><\/div><\/div><div class=\"fusion-text fusion-text-1\"><p><span style=\"vertical-align: inherit;\"><span style=\"vertical-align: inherit;\">Gr\u00e2ce \u00e0 sa diversit\u00e9 environnementale, la r\u00e9gion de Biella, en partie entour\u00e9e par les Alpes, est le territoire id\u00e9al pour les amateurs de sports de plein air, en particulier de randonn\u00e9e et de trekking.<\/span><\/span><\/p>\n<p><span style=\"vertical-align: inherit;\"><span style=\"vertical-align: inherit;\">Il existe de nombreux sentiers qui peuvent \u00eatre parcourus aussi bien dans la partie plate, entre baragge, ricetti, ch\u00e2teaux et \u00e9comus\u00e9es, que dans la partie plus strictement montagneuse, o\u00f9 se distinguent divers refuges \u00e9quip\u00e9s, villages de montagne, sanctuaires alpins tr\u00e8s pris\u00e9s et la zone naturaliste de l&rsquo;Oasi Zegna.<\/span><\/span><\/p>\n<p><span style=\"vertical-align: inherit;\"><span style=\"vertical-align: inherit;\">La vari\u00e9t\u00e9 des itin\u00e9raires est grande: certains sont courts et faciles pour les familles, d&rsquo;autres difficiles pour les randonneurs plus exigeants.<\/span><\/span><\/p>\n<p><a title=\"Tour op\u00e9rateur OverAlp\" href=\"https:\/\/www.alpibiellesi.eu\/overalp-tour-operator\/\"><strong><span style=\"vertical-align: inherit;\"><span style=\"vertical-align: inherit;\">Les professionnels d&rsquo;OVERALP<\/span><\/span><\/strong><\/a><span style=\"vertical-align: inherit;\"><span style=\"vertical-align: inherit;\"> sont \u00e0 la disposition des visiteurs <\/span><span style=\"vertical-align: inherit;\">pour organiser et g\u00e9rer des visites guid\u00e9es, des excursions p\u00e9dagogiques et des excursions scientifiques.<\/span><\/span><\/p>\n<p><span style=\"vertical-align: inherit;\"><span style=\"vertical-align: inherit;\">Ce sont toutes des escortes tr\u00e8s exp\u00e9riment\u00e9es et sp\u00e9cialis\u00e9es, couvertes par une assurance ad\u00e9quate.<\/span><\/span><\/p>\n<\/div><\/div><\/div><div class=\"fusion-layout-column fusion_builder_column fusion-builder-column-2 fusion_builder_column_1_3 1_3 fusion-flex-column\" style=\"--awb-padding-top:25px;--awb-padding-right:18px;--awb-padding-left:16px;--awb-overflow:hidden;--awb-bg-color:hsla(var(--awb-color4-h),var(--awb-color4-s),var(--awb-color4-l),calc(var(--awb-color4-a) - 80%));--awb-bg-color-hover:hsla(var(--awb-color4-h),var(--awb-color4-s),var(--awb-color4-l),calc(var(--awb-color4-a) - 80%));--awb-bg-blend:overlay;--awb-bg-size:cover;--awb-border-color:var(--awb-color6);--awb-border-top:1px;--awb-border-right:1px;--awb-border-bottom:1px;--awb-border-left:1px;--awb-border-style:solid;--awb-border-radius:15px 15px 15px 15px;--awb-width-large:33.333333333333%;--awb-margin-top-large:17px;--awb-spacing-right-large:5.76%;--awb-margin-bottom-large:20px;--awb-spacing-left-large:5.76%;--awb-width-medium:100%;--awb-spacing-right-medium:1.92%;--awb-spacing-left-medium:1.92%;--awb-width-small:100%;--awb-spacing-right-small:1.92%;--awb-spacing-left-small:1.92%;\"><div class=\"fusion-column-wrapper fusion-flex-justify-content-flex-start fusion-content-layout-column\"><div class=\"fusion-builder-row fusion-builder-row-inner fusion-row fusion-flex-align-items-flex-start fusion-flex-content-wrap\" style=\"width:104% !important;max-width:104% !important;margin-left: calc(-4% \/ 2 );margin-right: calc(-4% \/ 2 );\"><div class=\"fusion-layout-column fusion_builder_column_inner fusion-builder-nested-column-0 fusion_builder_column_inner_1_6 1_6 fusion-flex-column\" style=\"--awb-bg-size:cover;--awb-width-large:16.666666666667%;--awb-margin-top-large:0px;--awb-spacing-right-large:11.52%;--awb-margin-bottom-large:20px;--awb-spacing-left-large:11.52%;--awb-width-medium:100%;--awb-order-medium:0;--awb-spacing-right-medium:1.92%;--awb-spacing-left-medium:1.92%;--awb-width-small:16.666666666667%;--awb-order-small:0;--awb-spacing-right-small:11.52%;--awb-spacing-left-small:11.52%;\"><div class=\"fusion-column-wrapper fusion-column-has-shadow fusion-flex-justify-content-flex-start fusion-content-layout-column\"><i class=\"fb-icon-element-1 fb-icon-element fontawesome-icon fa-user-friends fas circle-no fusion-text-flow\" style=\"--awb-iconcolor:var(--awb-color7);--awb-iconcolor-hover:var(--awb-color7);--awb-font-size:25px;--awb-margin-right:12.5px;\"><\/i><\/div><\/div><div class=\"fusion-layout-column fusion_builder_column_inner fusion-builder-nested-column-1 fusion_builder_column_inner_5_6 5_6 fusion-flex-column\" style=\"--awb-bg-size:cover;--awb-width-large:83.333333333333%;--awb-margin-top-large:0px;--awb-spacing-right-large:2.304%;--awb-margin-bottom-large:20px;--awb-spacing-left-large:2.304%;--awb-width-medium:100%;--awb-order-medium:0;--awb-spacing-right-medium:1.92%;--awb-spacing-left-medium:1.92%;--awb-width-small:83.333333333333%;--awb-order-small:0;--awb-spacing-right-small:2.304%;--awb-spacing-left-small:2.304%;\"><div class=\"fusion-column-wrapper fusion-column-has-shadow fusion-flex-justify-content-flex-start fusion-content-layout-column\"><div class=\"fusion-text fusion-text-2 fusion-text-no-margin\"><p><strong><span style=\"vertical-align: inherit;\"><span style=\"vertical-align: inherit;\">Type<\/span><\/span><\/strong><br \/>\n<span style=\"vertical-align: inherit;\"><span style=\"vertical-align: inherit;\"> Sport <\/span><\/span><br \/>\n<span style=\"vertical-align: inherit;\"><span style=\"vertical-align: inherit;\">Entre amis <\/span><\/span><br \/>\n<span style=\"vertical-align: inherit;\"><span style=\"vertical-align: inherit;\">En famille<\/span><\/span><\/p>\n<\/div><\/div><\/div><\/div><div class=\"fusion-builder-row fusion-builder-row-inner fusion-row fusion-flex-align-items-flex-start fusion-flex-content-wrap\" style=\"width:104% !important;max-width:104% !important;margin-left: calc(-4% \/ 2 );margin-right: calc(-4% \/ 2 );\"><div class=\"fusion-layout-column fusion_builder_column_inner fusion-builder-nested-column-2 fusion_builder_column_inner_1_6 1_6 fusion-flex-column\" style=\"--awb-bg-size:cover;--awb-width-large:16.666666666667%;--awb-margin-top-large:0px;--awb-spacing-right-large:11.52%;--awb-margin-bottom-large:20px;--awb-spacing-left-large:11.52%;--awb-width-medium:100%;--awb-order-medium:0;--awb-spacing-right-medium:1.92%;--awb-spacing-left-medium:1.92%;--awb-width-small:16.666666666667%;--awb-order-small:0;--awb-spacing-right-small:11.52%;--awb-spacing-left-small:11.52%;\"><div class=\"fusion-column-wrapper fusion-column-has-shadow fusion-flex-justify-content-flex-start fusion-content-layout-column\"><i class=\"fb-icon-element-2 fb-icon-element fontawesome-icon fa-map-signs fas circle-no fusion-text-flow\" style=\"--awb-iconcolor:var(--awb-color7);--awb-iconcolor-hover:var(--awb-color7);--awb-font-size:25px;--awb-margin-right:12.5px;\"><\/i><\/div><\/div><div class=\"fusion-layout-column fusion_builder_column_inner fusion-builder-nested-column-3 fusion_builder_column_inner_5_6 5_6 fusion-flex-column\" style=\"--awb-bg-size:cover;--awb-width-large:83.333333333333%;--awb-margin-top-large:0px;--awb-spacing-right-large:2.304%;--awb-margin-bottom-large:20px;--awb-spacing-left-large:2.304%;--awb-width-medium:100%;--awb-order-medium:0;--awb-spacing-right-medium:1.92%;--awb-spacing-left-medium:1.92%;--awb-width-small:83.333333333333%;--awb-order-small:0;--awb-spacing-right-small:2.304%;--awb-spacing-left-small:2.304%;\"><div class=\"fusion-column-wrapper fusion-column-has-shadow fusion-flex-justify-content-flex-start fusion-content-layout-column\"><div class=\"fusion-text fusion-text-3 fusion-text-no-margin\"><p><strong><span style=\"vertical-align: inherit;\"><span style=\"vertical-align: inherit;\">Sentiers<\/span><\/span><\/strong><br \/>\n<span style=\"vertical-align: inherit;\"><span style=\"vertical-align: inherit;\"> De nombreux itin\u00e9raires diff\u00e9rents<\/span><\/span><\/p>\n<\/div><\/div><\/div><\/div><div class=\"fusion-builder-row fusion-builder-row-inner fusion-row fusion-flex-align-items-flex-start fusion-flex-content-wrap\" style=\"width:104% !important;max-width:104% !important;margin-left: calc(-4% \/ 2 );margin-right: calc(-4% \/ 2 );\"><div class=\"fusion-layout-column fusion_builder_column_inner fusion-builder-nested-column-4 fusion_builder_column_inner_1_6 1_6 fusion-flex-column\" style=\"--awb-bg-size:cover;--awb-width-large:16.666666666667%;--awb-margin-top-large:0px;--awb-spacing-right-large:11.52%;--awb-margin-bottom-large:20px;--awb-spacing-left-large:11.52%;--awb-width-medium:100%;--awb-order-medium:0;--awb-spacing-right-medium:1.92%;--awb-spacing-left-medium:1.92%;--awb-width-small:16.666666666667%;--awb-order-small:0;--awb-spacing-right-small:11.52%;--awb-spacing-left-small:11.52%;\"><div class=\"fusion-column-wrapper fusion-column-has-shadow fusion-flex-justify-content-flex-start fusion-content-layout-column\"><i class=\"fb-icon-element-3 fb-icon-element fontawesome-icon fa-signal fas circle-no fusion-text-flow\" style=\"--awb-iconcolor:var(--awb-color7);--awb-iconcolor-hover:var(--awb-color7);--awb-font-size:25px;--awb-margin-right:12.5px;\"><\/i><\/div><\/div><div class=\"fusion-layout-column fusion_builder_column_inner fusion-builder-nested-column-5 fusion_builder_column_inner_5_6 5_6 fusion-flex-column\" style=\"--awb-bg-size:cover;--awb-width-large:83.333333333333%;--awb-margin-top-large:0px;--awb-spacing-right-large:2.304%;--awb-margin-bottom-large:20px;--awb-spacing-left-large:2.304%;--awb-width-medium:100%;--awb-order-medium:0;--awb-spacing-right-medium:1.92%;--awb-spacing-left-medium:1.92%;--awb-width-small:83.333333333333%;--awb-order-small:0;--awb-spacing-right-small:2.304%;--awb-spacing-left-small:2.304%;\"><div class=\"fusion-column-wrapper fusion-column-has-shadow fusion-flex-justify-content-flex-start fusion-content-layout-column\"><div class=\"fusion-text fusion-text-4 fusion-text-no-margin\"><p><strong><span style=\"vertical-align: inherit;\"><span style=\"vertical-align: inherit;\">Difficult\u00e9<\/span><\/span><\/strong><br \/>\n<span style=\"vertical-align: inherit;\"><span style=\"vertical-align: inherit;\"> En fonction de l&rsquo;itin\u00e9raire<\/span><\/span><\/p>\n<\/div><\/div><\/div><\/div><div class=\"fusion-builder-row fusion-builder-row-inner fusion-row fusion-flex-align-items-flex-start fusion-flex-content-wrap\" style=\"width:104% !important;max-width:104% !important;margin-left: calc(-4% \/ 2 );margin-right: calc(-4% \/ 2 );\"><div class=\"fusion-layout-column fusion_builder_column_inner fusion-builder-nested-column-6 fusion_builder_column_inner_1_6 1_6 fusion-flex-column\" style=\"--awb-bg-size:cover;--awb-width-large:16.666666666667%;--awb-margin-top-large:0px;--awb-spacing-right-large:11.52%;--awb-margin-bottom-large:20px;--awb-spacing-left-large:11.52%;--awb-width-medium:100%;--awb-order-medium:0;--awb-spacing-right-medium:1.92%;--awb-spacing-left-medium:1.92%;--awb-width-small:16.666666666667%;--awb-order-small:0;--awb-spacing-right-small:11.52%;--awb-spacing-left-small:11.52%;\"><div class=\"fusion-column-wrapper fusion-column-has-shadow fusion-flex-justify-content-flex-start fusion-content-layout-column\"><i class=\"fb-icon-element-4 fb-icon-element fontawesome-icon fa-calendar-alt fas circle-no fusion-text-flow\" style=\"--awb-iconcolor:var(--awb-color7);--awb-iconcolor-hover:var(--awb-color7);--awb-font-size:25px;--awb-margin-right:12.5px;\"><\/i><\/div><\/div><div class=\"fusion-layout-column fusion_builder_column_inner fusion-builder-nested-column-7 fusion_builder_column_inner_5_6 5_6 fusion-flex-column\" style=\"--awb-bg-size:cover;--awb-width-large:83.333333333333%;--awb-margin-top-large:0px;--awb-spacing-right-large:2.304%;--awb-margin-bottom-large:20px;--awb-spacing-left-large:2.304%;--awb-width-medium:100%;--awb-order-medium:0;--awb-spacing-right-medium:1.92%;--awb-spacing-left-medium:1.92%;--awb-width-small:83.333333333333%;--awb-order-small:0;--awb-spacing-right-small:2.304%;--awb-spacing-left-small:2.304%;\"><div class=\"fusion-column-wrapper fusion-column-has-shadow fusion-flex-justify-content-flex-start fusion-content-layout-column\"><div class=\"fusion-text fusion-text-5 fusion-text-no-margin\"><p><strong><span style=\"vertical-align: inherit;\"><span style=\"vertical-align: inherit;\">P\u00e9riode<\/span><\/span><\/strong><br \/>\n<span style=\"vertical-align: inherit;\"><span style=\"vertical-align: inherit;\"> Toute l&rsquo;ann\u00e9e<\/span><\/span><\/p>\n<\/div><\/div><\/div><\/div><div class=\"fusion-builder-row fusion-builder-row-inner fusion-row fusion-flex-align-items-flex-start fusion-flex-content-wrap\" style=\"width:104% !important;max-width:104% !important;margin-left: calc(-4% \/ 2 );margin-right: calc(-4% \/ 2 );\"><div class=\"fusion-layout-column fusion_builder_column_inner fusion-builder-nested-column-8 fusion_builder_column_inner_1_6 1_6 fusion-flex-column\" style=\"--awb-bg-size:cover;--awb-width-large:16.666666666667%;--awb-margin-top-large:0px;--awb-spacing-right-large:11.52%;--awb-margin-bottom-large:20px;--awb-spacing-left-large:11.52%;--awb-width-medium:100%;--awb-order-medium:0;--awb-spacing-right-medium:1.92%;--awb-spacing-left-medium:1.92%;--awb-width-small:16.666666666667%;--awb-order-small:0;--awb-spacing-right-small:11.52%;--awb-spacing-left-small:11.52%;\"><div class=\"fusion-column-wrapper fusion-column-has-shadow fusion-flex-justify-content-flex-start fusion-content-layout-column\"><i class=\"fb-icon-element-5 fb-icon-element fontawesome-icon fa-id-card fas circle-no fusion-text-flow\" style=\"--awb-iconcolor:var(--awb-color7);--awb-iconcolor-hover:var(--awb-color7);--awb-font-size:25px;--awb-margin-right:12.5px;\"><\/i><\/div><\/div><div class=\"fusion-layout-column fusion_builder_column_inner fusion-builder-nested-column-9 fusion_builder_column_inner_5_6 5_6 fusion-flex-column\" style=\"--awb-bg-size:cover;--awb-width-large:83.333333333333%;--awb-margin-top-large:0px;--awb-spacing-right-large:2.304%;--awb-margin-bottom-large:20px;--awb-spacing-left-large:2.304%;--awb-width-medium:100%;--awb-order-medium:0;--awb-spacing-right-medium:1.92%;--awb-spacing-left-medium:1.92%;--awb-width-small:83.333333333333%;--awb-order-small:0;--awb-spacing-right-small:2.304%;--awb-spacing-left-small:2.304%;\"><div class=\"fusion-column-wrapper fusion-column-has-shadow fusion-flex-justify-content-flex-start fusion-content-layout-column\"><div class=\"fusion-text fusion-text-6 fusion-text-no-margin\"><p><strong><span style=\"vertical-align: inherit;\"><span style=\"vertical-align: inherit;\"><span style=\"vertical-align: inherit;\"><span style=\"vertical-align: inherit;\">Guides<\/span><\/span><\/span><\/span><\/strong><br \/>\n<span style=\"vertical-align: inherit;\"><span style=\"vertical-align: inherit;\"><span style=\"vertical-align: inherit;\"><span style=\"vertical-align: inherit;\"> OVERALP SRL <\/span><\/span><\/span><\/span><br \/>\n<span style=\"vertical-align: inherit;\"><span style=\"vertical-align: inherit;\"><span style=\"vertical-align: inherit;\"><span style=\"vertical-align: inherit;\">R\u00e9gion Farlenda 42 <\/span><\/span><\/span><\/span><br \/>\n<span style=\"vertical-align: inherit;\"><span style=\"vertical-align: inherit;\"><span style=\"vertical-align: inherit;\"><span style=\"vertical-align: inherit;\">Frazione Sant&rsquo;Eurosia <\/span><\/span><\/span><\/span><br \/>\n<span style=\"vertical-align: inherit;\"><span style=\"vertical-align: inherit;\"><span style=\"vertical-align: inherit;\"><span style=\"vertical-align: inherit;\">13899 Pralungo (Bi) <\/span><\/span><\/span><\/span><br \/>\n<span style=\"vertical-align: inherit;\"><span style=\"vertical-align: inherit;\"><span style=\"vertical-align: inherit;\"><span style=\"vertical-align: inherit;\">T\u00e9l +39 349 6252576<\/span><\/span><\/span><\/span><\/p>\n<\/div><\/div><\/div><\/div><div class=\"fusion-builder-row fusion-builder-row-inner fusion-row fusion-flex-align-items-flex-start fusion-flex-content-wrap\" style=\"width:104% !important;max-width:104% !important;margin-left: calc(-4% \/ 2 );margin-right: calc(-4% \/ 2 );\"><div class=\"fusion-layout-column fusion_builder_column_inner fusion-builder-nested-column-10 fusion_builder_column_inner_1_6 1_6 fusion-flex-column\" style=\"--awb-bg-size:cover;--awb-width-large:16.666666666667%;--awb-margin-top-large:0px;--awb-spacing-right-large:11.52%;--awb-margin-bottom-large:20px;--awb-spacing-left-large:11.52%;--awb-width-medium:100%;--awb-order-medium:0;--awb-spacing-right-medium:1.92%;--awb-spacing-left-medium:1.92%;--awb-width-small:16.666666666667%;--awb-order-small:0;--awb-spacing-right-small:11.52%;--awb-spacing-left-small:11.52%;\"><div class=\"fusion-column-wrapper fusion-column-has-shadow fusion-flex-justify-content-flex-start fusion-content-layout-column\"><i class=\"fb-icon-element-6 fb-icon-element fontawesome-icon fa-external-link-alt fas circle-no fusion-text-flow\" style=\"--awb-iconcolor:var(--awb-color7);--awb-iconcolor-hover:var(--awb-color7);--awb-font-size:25px;--awb-margin-right:12.5px;\"><\/i><\/div><\/div><div class=\"fusion-layout-column fusion_builder_column_inner fusion-builder-nested-column-11 fusion_builder_column_inner_5_6 5_6 fusion-flex-column\" style=\"--awb-bg-size:cover;--awb-width-large:83.333333333333%;--awb-margin-top-large:0px;--awb-spacing-right-large:2.304%;--awb-margin-bottom-large:20px;--awb-spacing-left-large:2.304%;--awb-width-medium:100%;--awb-order-medium:0;--awb-spacing-right-medium:1.92%;--awb-spacing-left-medium:1.92%;--awb-width-small:83.333333333333%;--awb-order-small:0;--awb-spacing-right-small:2.304%;--awb-spacing-left-small:2.304%;\"><div class=\"fusion-column-wrapper fusion-column-has-shadow fusion-flex-justify-content-flex-start fusion-content-layout-column\"><div class=\"fusion-text fusion-text-7 fusion-text-no-margin\"><p><strong><span style=\"vertical-align: inherit;\"><span style=\"vertical-align: inherit;\"><span style=\"vertical-align: inherit;\"><span style=\"vertical-align: inherit;\">Web<\/span><\/span><\/span><\/span><\/strong><br \/>\nwww.overalp.it\/en<\/p>\n<\/div><\/div><\/div><\/div><\/div><\/div><\/div><\/div><div class=\"fusion-fullwidth fullwidth-box fusion-builder-row-3 fusion-flex-container has-pattern-background has-mask-background nonhundred-percent-fullwidth non-hundred-percent-height-scrolling\" style=\"--awb-border-radius-top-left:0px;--awb-border-radius-top-right:0px;--awb-border-radius-bottom-right:0px;--awb-border-radius-bottom-left:0px;--awb-margin-top:77px;--awb-flex-wrap:wrap;\" ><div class=\"fusion-builder-row fusion-row fusion-flex-align-items-stretch fusion-flex-content-wrap\" style=\"max-width:1144px;margin-left: calc(-4% \/ 2 );margin-right: calc(-4% \/ 2 );\"><div class=\"fusion-layout-column fusion_builder_column fusion-builder-column-3 fusion_builder_column_3_5 3_5 fusion-flex-column\" style=\"--awb-bg-blend:overlay;--awb-bg-size:cover;--awb-width-large:60%;--awb-margin-top-large:0px;--awb-spacing-right-large:3.2%;--awb-margin-bottom-large:20px;--awb-spacing-left-large:3.2%;--awb-width-medium:100%;--awb-spacing-right-medium:1.92%;--awb-spacing-left-medium:1.92%;--awb-width-small:100%;--awb-spacing-right-small:1.92%;--awb-spacing-left-small:1.92%;\"><div class=\"fusion-column-wrapper fusion-flex-justify-content-flex-start fusion-content-layout-column\"><div class=\"fusion-image-element \" style=\"--awb-caption-title-font-family:var(--h2_typography-font-family);--awb-caption-title-font-weight:var(--h2_typography-font-weight);--awb-caption-title-font-style:var(--h2_typography-font-style);--awb-caption-title-size:var(--h2_typography-font-size);--awb-caption-title-transform:var(--h2_typography-text-transform);--awb-caption-title-line-height:var(--h2_typography-line-height);--awb-caption-title-letter-spacing:var(--h2_typography-letter-spacing);\"><span class=\" fusion-imageframe imageframe-none imageframe-2 hover-type-none\"><a href=\"https:\/\/www.alpibiellesi.eu\/wp-content\/uploads\/2023\/02\/Itinerari-suggeriti-2023-07.jpg\" class=\"fusion-lightbox\" data-rel=\"iLightbox[40b17a8a101f0f14a0b]\" data-title=\"Itinerari-suggeriti-2023-07\" title=\"Itinerari-suggeriti-2023-07\"><img decoding=\"async\" width=\"800\" height=\"600\" src=\"https:\/\/www.alpibiellesi.eu\/wp-content\/uploads\/2023\/02\/Itinerari-suggeriti-2023-07.jpg\" alt class=\"img-responsive wp-image-41143\" srcset=\"https:\/\/www.alpibiellesi.eu\/wp-content\/uploads\/2023\/02\/Itinerari-suggeriti-2023-07-200x150.jpg 200w, https:\/\/www.alpibiellesi.eu\/wp-content\/uploads\/2023\/02\/Itinerari-suggeriti-2023-07-400x300.jpg 400w, https:\/\/www.alpibiellesi.eu\/wp-content\/uploads\/2023\/02\/Itinerari-suggeriti-2023-07-600x450.jpg 600w, https:\/\/www.alpibiellesi.eu\/wp-content\/uploads\/2023\/02\/Itinerari-suggeriti-2023-07.jpg 800w\" sizes=\"(max-width: 1024px) 100vw, (max-width: 640px) 100vw, 800px\" \/><\/a><\/span><\/div><\/div><\/div><div class=\"fusion-layout-column fusion_builder_column fusion-builder-column-4 fusion_builder_column_2_5 2_5 fusion-flex-column\" style=\"--awb-padding-top:33px;--awb-bg-blend:overlay;--awb-bg-size:cover;--awb-width-large:40%;--awb-margin-top-large:0px;--awb-spacing-right-large:4.8%;--awb-margin-bottom-large:20px;--awb-spacing-left-large:0%;--awb-width-medium:100%;--awb-spacing-right-medium:1.92%;--awb-spacing-left-medium:1.92%;--awb-width-small:100%;--awb-spacing-right-small:1.92%;--awb-spacing-left-small:1.92%;\"><div class=\"fusion-column-wrapper fusion-flex-justify-content-flex-start fusion-content-layout-block\"><div class=\"fusion-title title fusion-title-2 sep-underline sep-solid fusion-title-text fusion-title-size-two\" style=\"--awb-text-color:var(--awb-color6);--awb-margin-bottom:20px;--awb-sep-color:var(--awb-color6);\"><h2 class=\"fusion-title-heading title-heading-left fusion-responsive-typography-calculated\" style=\"margin:0;text-transform:uppercase;--fontSize:18;--minFontSize:18;line-height:1.5;\">LA FOR\u00caT DU SOURIRE ET LE TEGGE D&rsquo;ARTIGNAGA<\/h2><\/div><div class=\"fusion-text fusion-text-8\" style=\"--awb-content-alignment:justify;--awb-font-size:14px;--awb-line-height:1.7;\"><p>Randonn\u00e9e facile pour toute la famille avec une touche de magie gr\u00e2ce aux contes de f\u00e9es du Bosco del Sorriso. L&rsquo;excursion, dans le contexte suggestif de l&rsquo;Oasi Zegna, part du Bocchetto Sessera, serpente \u00e0 travers les for\u00eats de h\u00eatres et de pins, conduit au petit b\u00e2timent de l&rsquo;Eremo di Maria et conduit enfin \u00e0 l&rsquo;alpage caract\u00e9ristique de Tegge Artignaga, avec de grandes prairies et un environnement suggestif. Possibilit\u00e9 de rafra\u00eechissement dans les alpages voisins (Montuccia et Moncerchio), dans les structures de Bocchetto Sessera et Bielmonte<br \/>\nLe Bosco del Sorriso est une v\u00e9ritable promenade exp\u00e9rientielle parmi les arbres, les odeurs et les sons de la nature intacte de l&rsquo;Alta Val Sessera. Une exp\u00e9rience unique aussi pour les enfants : trois espaces de repos suggestifs leur sont d\u00e9di\u00e9s, am\u00e9nag\u00e9s avec des si\u00e8ges en pierre et de grands livres en bois de c\u00e8dre parfum\u00e9, sur lesquels vous pourrez lire les Contes des Bois inspir\u00e9s de la philosophie de Steiner et des trois arbres les plus communs de ces lieux.<\/p>\n<\/div><div class=\"fusion-fa-align-center\"><a class=\"fb-icon-element-7 fb-icon-element fontawesome-icon fa-walking fas circle-yes fusion-link icon-hover-animation-pulsate\" style=\"--awb-iconcolor:var(--awb-color1);--awb-iconcolor-hover:var(--awb-color6);--awb-circlecolor:var(--awb-color6);--awb-circlecolor-hover:var(--awb-color4);--awb-circlebordercolor:var(--awb-color6);--awb-circlebordercolor-hover:var(--awb-color4);--awb-circlebordersize:1px;--awb-font-size:28.16px;--awb-width:56.32px;--awb-height:56.32px;--awb-line-height:54.32px;\" href=\"https:\/\/www.atl.biella.it\/dettaglio-escursione\/-\/d\/bosco-del-sorriso-e-tagge-artignaga\" target=\"_blank\" aria-label=\"Link to https:\/\/www.atl.biella.it\/dettaglio-escursione\/-\/d\/bosco-del-sorriso-e-tagge-artignaga\" rel=\"noopener noreferrer\"><\/a><\/div><div class=\"fusion-text fusion-text-9\" style=\"--awb-content-alignment:center;--awb-font-size:10px;--awb-text-color:var(--awb-color6);\"><p>plus d&rsquo;informations<\/p>\n<\/div><\/div><\/div><div class=\"fusion-layout-column fusion_builder_column fusion-builder-column-5 fusion_builder_column_3_5 3_5 fusion-flex-column\" style=\"--awb-padding-top:33px;--awb-padding-right:33px;--awb-padding-bottom:33px;--awb-padding-left:33px;--awb-bg-color:var(--awb-color2);--awb-bg-color-hover:var(--awb-color2);--awb-bg-size:cover;--awb-width-large:60%;--awb-margin-top-large:0px;--awb-spacing-right-large:0%;--awb-margin-bottom-large:20px;--awb-spacing-left-large:3.2%;--awb-width-medium:100%;--awb-order-medium:0;--awb-spacing-right-medium:1.92%;--awb-spacing-left-medium:1.92%;--awb-width-small:100%;--awb-order-small:0;--awb-spacing-right-small:1.92%;--awb-margin-bottom-small:0px;--awb-spacing-left-small:1.92%;\"><div class=\"fusion-column-wrapper fusion-column-has-shadow fusion-flex-justify-content-flex-start fusion-content-layout-column\"><div class=\"fusion-image-element \" style=\"--awb-caption-title-font-family:var(--h2_typography-font-family);--awb-caption-title-font-weight:var(--h2_typography-font-weight);--awb-caption-title-font-style:var(--h2_typography-font-style);--awb-caption-title-size:var(--h2_typography-font-size);--awb-caption-title-transform:var(--h2_typography-text-transform);--awb-caption-title-line-height:var(--h2_typography-line-height);--awb-caption-title-letter-spacing:var(--h2_typography-letter-spacing);\"><span class=\" fusion-imageframe imageframe-none imageframe-3 hover-type-none\"><a href=\"https:\/\/www.alpibiellesi.eu\/wp-content\/uploads\/2023\/02\/Itinerari-suggeriti-2023-06.jpg\" class=\"fusion-lightbox\" data-rel=\"iLightbox[98d9d6586edb5959dc0]\" data-title=\"Itinerari-suggeriti-2023-06\" title=\"Itinerari-suggeriti-2023-06\"><img decoding=\"async\" width=\"800\" height=\"600\" src=\"https:\/\/www.alpibiellesi.eu\/wp-content\/uploads\/2023\/02\/Itinerari-suggeriti-2023-06.jpg\" alt class=\"img-responsive wp-image-41093\" srcset=\"https:\/\/www.alpibiellesi.eu\/wp-content\/uploads\/2023\/02\/Itinerari-suggeriti-2023-06-200x150.jpg 200w, https:\/\/www.alpibiellesi.eu\/wp-content\/uploads\/2023\/02\/Itinerari-suggeriti-2023-06-400x300.jpg 400w, https:\/\/www.alpibiellesi.eu\/wp-content\/uploads\/2023\/02\/Itinerari-suggeriti-2023-06-600x450.jpg 600w, https:\/\/www.alpibiellesi.eu\/wp-content\/uploads\/2023\/02\/Itinerari-suggeriti-2023-06.jpg 800w\" sizes=\"(max-width: 1024px) 100vw, (max-width: 640px) 100vw, 600px\" \/><\/a><\/span><\/div><\/div><\/div><div class=\"fusion-layout-column fusion_builder_column fusion-builder-column-6 fusion_builder_column_2_5 2_5 fusion-flex-column\" style=\"--awb-padding-left:12px;--awb-bg-color:var(--awb-color2);--awb-bg-color-hover:var(--awb-color2);--awb-bg-size:cover;--awb-width-large:40%;--awb-margin-top-large:0px;--awb-spacing-right-large:4.8%;--awb-margin-bottom-large:20px;--awb-spacing-left-large:0%;--awb-width-medium:100%;--awb-order-medium:0;--awb-spacing-right-medium:1.92%;--awb-spacing-left-medium:1.92%;--awb-width-small:100%;--awb-order-small:0;--awb-spacing-right-small:1.92%;--awb-spacing-left-small:1.92%;\"><div class=\"fusion-column-wrapper fusion-column-has-shadow fusion-flex-justify-content-flex-start fusion-content-layout-column\"><div class=\"fusion-title title fusion-title-3 sep-underline sep-solid fusion-title-text fusion-title-size-two\" style=\"--awb-text-color:var(--awb-color6);--awb-margin-top:33px;--awb-margin-bottom:4px;--awb-sep-color:var(--awb-color6);\"><h2 class=\"fusion-title-heading title-heading-left fusion-responsive-typography-calculated\" style=\"margin:0;text-transform:uppercase;--fontSize:18;--minFontSize:18;line-height:1.5;\">LE PROJET OASI ZEGNA<\/h2><\/div><div class=\"fusion-text fusion-text-10 fusion-text-no-margin\" style=\"--awb-content-alignment:justify;--awb-font-size:16px;--awb-margin-right:33px;--awb-margin-bottom:55px;\"><p>100 kilom\u00e8tres carr\u00e9s, un territoire prot\u00e9g\u00e9 dans les Alpes de Biella, t\u00e9moignage de la \u00ab pens\u00e9e verte \u00bb de l&rsquo;entrepreneur Ermenegildo Zegna qui, dans les ann\u00e9es 1930, a cr\u00e9\u00e9 un projet \u00e0 grande \u00e9chelle pour valoriser le paysage autour de sa usine textile.<\/p>\n<\/div><a class=\"fb-icon-element-8 fb-icon-element fontawesome-icon fa-walking fas circle-yes fusion-link icon-hover-animation-pulsate\" style=\"--awb-iconcolor:var(--awb-color1);--awb-iconcolor-hover:var(--awb-color6);--awb-circlecolor:var(--awb-color6);--awb-circlecolor-hover:var(--awb-color4);--awb-circlebordercolor:var(--awb-color6);--awb-circlebordercolor-hover:var(--awb-color4);--awb-circlebordersize:1px;--awb-font-size:28.16px;--awb-width:56.32px;--awb-height:56.32px;--awb-line-height:54.32px;--awb-margin-top:0;--awb-margin-right:0;--awb-margin-bottom:0;--awb-margin-left:0;--awb-align-self:center;\" href=\"https:\/\/www.oasizegna.com\/it\/oasi-verde\/sentieri-nella-natura-biella-piemonte_1021.html\" target=\"_blank\" aria-label=\"Link to https:\/\/www.oasizegna.com\/it\/oasi-verde\/sentieri-nella-natura-biella-piemonte_1021.html\" rel=\"noopener noreferrer\"><\/a><div class=\"fusion-text fusion-text-11\" style=\"--awb-content-alignment:center;--awb-font-size:10px;--awb-text-color:var(--awb-color6);\"><p>plus d&rsquo;informations<\/p>\n<\/div><\/div><\/div><div class=\"fusion-layout-column fusion_builder_column fusion-builder-column-7 fusion_builder_column_3_5 3_5 fusion-flex-column\" style=\"--awb-padding-top:31px;--awb-bg-blend:overlay;--awb-bg-size:cover;--awb-width-large:60%;--awb-margin-top-large:0px;--awb-spacing-right-large:3.2%;--awb-margin-bottom-large:20px;--awb-spacing-left-large:3.2%;--awb-width-medium:100%;--awb-spacing-right-medium:1.92%;--awb-spacing-left-medium:1.92%;--awb-width-small:100%;--awb-spacing-right-small:1.92%;--awb-spacing-left-small:1.92%;\"><div class=\"fusion-column-wrapper fusion-flex-justify-content-flex-start fusion-content-layout-column\"><div class=\"fusion-image-element \" style=\"--awb-caption-title-font-family:var(--h2_typography-font-family);--awb-caption-title-font-weight:var(--h2_typography-font-weight);--awb-caption-title-font-style:var(--h2_typography-font-style);--awb-caption-title-size:var(--h2_typography-font-size);--awb-caption-title-transform:var(--h2_typography-text-transform);--awb-caption-title-line-height:var(--h2_typography-line-height);--awb-caption-title-letter-spacing:var(--h2_typography-letter-spacing);\"><span class=\" fusion-imageframe imageframe-none imageframe-4 hover-type-none\"><a href=\"https:\/\/www.alpibiellesi.eu\/wp-content\/uploads\/2023\/02\/Itinerari-suggeriti-2023-05.jpg\" class=\"fusion-lightbox\" data-rel=\"iLightbox[f7c71b72ea72ffbf2d9]\" data-title=\"Itinerari-suggeriti-2023-05\" title=\"Itinerari-suggeriti-2023-05\"><img decoding=\"async\" width=\"800\" height=\"600\" src=\"https:\/\/www.alpibiellesi.eu\/wp-content\/uploads\/2023\/02\/Itinerari-suggeriti-2023-05.jpg\" alt class=\"img-responsive wp-image-41095\" srcset=\"https:\/\/www.alpibiellesi.eu\/wp-content\/uploads\/2023\/02\/Itinerari-suggeriti-2023-05-200x150.jpg 200w, https:\/\/www.alpibiellesi.eu\/wp-content\/uploads\/2023\/02\/Itinerari-suggeriti-2023-05-400x300.jpg 400w, https:\/\/www.alpibiellesi.eu\/wp-content\/uploads\/2023\/02\/Itinerari-suggeriti-2023-05-600x450.jpg 600w, https:\/\/www.alpibiellesi.eu\/wp-content\/uploads\/2023\/02\/Itinerari-suggeriti-2023-05.jpg 800w\" sizes=\"(max-width: 1024px) 100vw, (max-width: 640px) 100vw, 800px\" \/><\/a><\/span><\/div><\/div><\/div><div class=\"fusion-layout-column fusion_builder_column fusion-builder-column-8 fusion_builder_column_2_5 2_5 fusion-flex-column\" style=\"--awb-padding-top:62px;--awb-bg-blend:overlay;--awb-bg-size:cover;--awb-width-large:40%;--awb-margin-top-large:0px;--awb-spacing-right-large:4.8%;--awb-margin-bottom-large:20px;--awb-spacing-left-large:0%;--awb-width-medium:100%;--awb-spacing-right-medium:1.92%;--awb-spacing-left-medium:1.92%;--awb-width-small:100%;--awb-spacing-right-small:1.92%;--awb-spacing-left-small:1.92%;\"><div class=\"fusion-column-wrapper fusion-flex-justify-content-flex-start fusion-content-layout-column\"><div class=\"fusion-title title fusion-title-4 sep-underline sep-solid fusion-title-text fusion-title-size-two\" style=\"--awb-text-color:var(--awb-color6);--awb-margin-bottom:20px;--awb-sep-color:var(--awb-color6);\"><h2 class=\"fusion-title-heading title-heading-left fusion-responsive-typography-calculated\" style=\"margin:0;text-transform:uppercase;--fontSize:18;--minFontSize:18;line-height:1.5;\">Monte Barone<\/h2><\/div><div class=\"fusion-text fusion-text-12 fusion-text-no-margin\" style=\"--awb-content-alignment:justify;--awb-font-size:16px;--awb-margin-bottom:55px;\"><p>En environ 3 heures de marche, vous atteignez le sommet symbolique du Val Sessera, \u00e0 2044 m\u00e8tres d&rsquo;altitude, d&rsquo;o\u00f9 vous pourrez profiter d&rsquo;un fabuleux panorama \u00e0 360\u00b0, du Monviso au Grand Paradis, du Mont Rose aux grandes villes de la plaine. En montant, on rencontre deux refuges : le premier, la Ciota, au m. 1226, puis le refuge du Monte Barone au m. 1587, environ deux heures apr\u00e8s le d\u00e9part.<\/p>\n<\/div><a class=\"fb-icon-element-9 fb-icon-element fontawesome-icon fa-walking fas circle-yes fusion-link icon-hover-animation-pulsate\" style=\"--awb-iconcolor:var(--awb-color1);--awb-iconcolor-hover:var(--awb-color6);--awb-circlecolor:var(--awb-color6);--awb-circlecolor-hover:var(--awb-color4);--awb-circlebordercolor:var(--awb-color6);--awb-circlebordercolor-hover:var(--awb-color4);--awb-circlebordersize:1px;--awb-font-size:28.16px;--awb-width:56.32px;--awb-height:56.32px;--awb-line-height:54.32px;--awb-margin-top:0;--awb-margin-right:0;--awb-margin-bottom:0;--awb-margin-left:0;--awb-align-self:center;\" href=\"https:\/\/www.atl.biella.it\/dettaglio-escursione\/-\/d\/monte-barone-dalle-piane-di-rivo\" target=\"_blank\" aria-label=\"Link to https:\/\/www.atl.biella.it\/dettaglio-escursione\/-\/d\/monte-barone-dalle-piane-di-rivo\" rel=\"noopener noreferrer\"><\/a><div class=\"fusion-text fusion-text-13\" style=\"--awb-content-alignment:center;--awb-font-size:10px;--awb-text-color:var(--awb-color6);\"><p>plus d&rsquo;informations<\/p>\n<\/div><\/div><\/div><div class=\"fusion-layout-column fusion_builder_column fusion-builder-column-9 fusion_builder_column_3_5 3_5 fusion-flex-column\" style=\"--awb-bg-blend:overlay;--awb-bg-size:cover;--awb-width-large:60%;--awb-margin-top-large:0px;--awb-spacing-right-large:3.2%;--awb-margin-bottom-large:20px;--awb-spacing-left-large:3.2%;--awb-width-medium:100%;--awb-spacing-right-medium:1.92%;--awb-spacing-left-medium:1.92%;--awb-width-small:100%;--awb-spacing-right-small:1.92%;--awb-spacing-left-small:1.92%;\"><div class=\"fusion-column-wrapper fusion-flex-justify-content-flex-start fusion-content-layout-column\"><div class=\"fusion-image-element \" style=\"--awb-caption-title-font-family:var(--h2_typography-font-family);--awb-caption-title-font-weight:var(--h2_typography-font-weight);--awb-caption-title-font-style:var(--h2_typography-font-style);--awb-caption-title-size:var(--h2_typography-font-size);--awb-caption-title-transform:var(--h2_typography-text-transform);--awb-caption-title-line-height:var(--h2_typography-line-height);--awb-caption-title-letter-spacing:var(--h2_typography-letter-spacing);\"><span class=\" fusion-imageframe imageframe-none imageframe-5 hover-type-none\"><a href=\"https:\/\/www.alpibiellesi.eu\/wp-content\/uploads\/2023\/02\/Itinerari-suggeriti-2023-04.jpg\" class=\"fusion-lightbox\" data-rel=\"iLightbox[2e598e34d3762a664f3]\" data-title=\"Itinerari-suggeriti-2023-04\" title=\"Itinerari-suggeriti-2023-04\"><img decoding=\"async\" width=\"800\" height=\"600\" src=\"https:\/\/www.alpibiellesi.eu\/wp-content\/uploads\/2023\/02\/Itinerari-suggeriti-2023-04.jpg\" alt class=\"img-responsive wp-image-41097\" srcset=\"https:\/\/www.alpibiellesi.eu\/wp-content\/uploads\/2023\/02\/Itinerari-suggeriti-2023-04-200x150.jpg 200w, https:\/\/www.alpibiellesi.eu\/wp-content\/uploads\/2023\/02\/Itinerari-suggeriti-2023-04-400x300.jpg 400w, https:\/\/www.alpibiellesi.eu\/wp-content\/uploads\/2023\/02\/Itinerari-suggeriti-2023-04-600x450.jpg 600w, https:\/\/www.alpibiellesi.eu\/wp-content\/uploads\/2023\/02\/Itinerari-suggeriti-2023-04.jpg 800w\" sizes=\"(max-width: 1024px) 100vw, (max-width: 640px) 100vw, 800px\" \/><\/a><\/span><\/div><\/div><\/div><div class=\"fusion-layout-column fusion_builder_column fusion-builder-column-10 fusion_builder_column_2_5 2_5 fusion-flex-column\" style=\"--awb-padding-top:33px;--awb-bg-blend:overlay;--awb-bg-size:cover;--awb-width-large:40%;--awb-margin-top-large:0px;--awb-spacing-right-large:4.8%;--awb-margin-bottom-large:20px;--awb-spacing-left-large:0%;--awb-width-medium:100%;--awb-spacing-right-medium:1.92%;--awb-spacing-left-medium:1.92%;--awb-width-small:100%;--awb-spacing-right-small:1.92%;--awb-spacing-left-small:1.92%;\"><div class=\"fusion-column-wrapper fusion-flex-justify-content-flex-start fusion-content-layout-column\"><div class=\"fusion-title title fusion-title-5 sep-underline sep-solid fusion-title-text fusion-title-size-two\" style=\"--awb-text-color:var(--awb-color6);--awb-margin-bottom:20px;--awb-sep-color:var(--awb-color6);\"><h2 class=\"fusion-title-heading title-heading-left fusion-responsive-typography-calculated\" style=\"margin:0;text-transform:uppercase;--fontSize:18;--minFontSize:18;line-height:1.5;\">Lac de La Vecchia<\/h2><\/div><div class=\"fusion-text fusion-text-14 fusion-text-no-margin\" style=\"--awb-content-alignment:justify;--awb-font-size:16px;--awb-margin-bottom:55px;\"><p>Depuis le village de Piedicavallo dans la Vall\u00e9e Cervo, en environ 2,5 heures, vous pouvez rejoindre le refuge du Lac de La Vecchia \u00e0 1872 m\u00e8tres d&rsquo;altitude. Depuis le lac, il est possible de rejoindre le Col de La Vecchia, \u00e0 une altitude de 2187 m\u00e8tres (environ 1 heure du lac), par un sentier muletier facile, d&rsquo;o\u00f9 vous pourrez observer une vue splendide sur la r\u00e9gion de Biella et la Vall\u00e9e d&rsquo;Aoste.<\/p>\n<\/div><a class=\"fb-icon-element-10 fb-icon-element fontawesome-icon fa-walking fas circle-yes fusion-link icon-hover-animation-pulsate\" style=\"--awb-iconcolor:var(--awb-color1);--awb-iconcolor-hover:var(--awb-color6);--awb-circlecolor:var(--awb-color6);--awb-circlecolor-hover:var(--awb-color4);--awb-circlebordercolor:var(--awb-color6);--awb-circlebordercolor-hover:var(--awb-color4);--awb-circlebordersize:1px;--awb-font-size:28.16px;--awb-width:56.32px;--awb-height:56.32px;--awb-line-height:54.32px;--awb-margin-top:0;--awb-margin-right:0;--awb-margin-bottom:0;--awb-margin-left:0;--awb-align-self:center;\" href=\"https:\/\/www.atl.biella.it\/dettaglio-escursione\/-\/d\/lago-della-vecchia\" target=\"_blank\" aria-label=\"Link to https:\/\/www.atl.biella.it\/dettaglio-escursione\/-\/d\/lago-della-vecchia\" rel=\"noopener noreferrer\"><\/a><div class=\"fusion-text fusion-text-15\" style=\"--awb-content-alignment:center;--awb-font-size:10px;--awb-text-color:var(--awb-color6);\"><p>maggiori informazioni<\/p>\n<\/div><\/div><\/div><div class=\"fusion-layout-column fusion_builder_column fusion-builder-column-11 fusion_builder_column_3_5 3_5 fusion-flex-column\" style=\"--awb-bg-blend:overlay;--awb-bg-size:cover;--awb-width-large:60%;--awb-margin-top-large:0px;--awb-spacing-right-large:3.2%;--awb-margin-bottom-large:20px;--awb-spacing-left-large:3.2%;--awb-width-medium:100%;--awb-spacing-right-medium:1.92%;--awb-spacing-left-medium:1.92%;--awb-width-small:100%;--awb-spacing-right-small:1.92%;--awb-spacing-left-small:1.92%;\"><div class=\"fusion-column-wrapper fusion-flex-justify-content-flex-start fusion-content-layout-column\"><div class=\"fusion-image-element \" style=\"--awb-caption-title-font-family:var(--h2_typography-font-family);--awb-caption-title-font-weight:var(--h2_typography-font-weight);--awb-caption-title-font-style:var(--h2_typography-font-style);--awb-caption-title-size:var(--h2_typography-font-size);--awb-caption-title-transform:var(--h2_typography-text-transform);--awb-caption-title-line-height:var(--h2_typography-line-height);--awb-caption-title-letter-spacing:var(--h2_typography-letter-spacing);\"><span class=\" fusion-imageframe imageframe-none imageframe-6 hover-type-none\"><a href=\"https:\/\/www.alpibiellesi.eu\/wp-content\/uploads\/2023\/02\/Itinerari-suggeriti-2023-03.jpg\" class=\"fusion-lightbox\" data-rel=\"iLightbox[8277dda807375753184]\" data-title=\"Itinerari-suggeriti-2023-03\" title=\"Itinerari-suggeriti-2023-03\"><img decoding=\"async\" width=\"800\" height=\"600\" src=\"https:\/\/www.alpibiellesi.eu\/wp-content\/uploads\/2023\/02\/Itinerari-suggeriti-2023-03.jpg\" alt class=\"img-responsive wp-image-41099\" srcset=\"https:\/\/www.alpibiellesi.eu\/wp-content\/uploads\/2023\/02\/Itinerari-suggeriti-2023-03-200x150.jpg 200w, https:\/\/www.alpibiellesi.eu\/wp-content\/uploads\/2023\/02\/Itinerari-suggeriti-2023-03-400x300.jpg 400w, https:\/\/www.alpibiellesi.eu\/wp-content\/uploads\/2023\/02\/Itinerari-suggeriti-2023-03-600x450.jpg 600w, https:\/\/www.alpibiellesi.eu\/wp-content\/uploads\/2023\/02\/Itinerari-suggeriti-2023-03.jpg 800w\" sizes=\"(max-width: 1024px) 100vw, (max-width: 640px) 100vw, 800px\" \/><\/a><\/span><\/div><\/div><\/div><div class=\"fusion-layout-column fusion_builder_column fusion-builder-column-12 fusion_builder_column_2_5 2_5 fusion-flex-column\" style=\"--awb-padding-top:33px;--awb-bg-blend:overlay;--awb-bg-size:cover;--awb-width-large:40%;--awb-margin-top-large:0px;--awb-spacing-right-large:4.8%;--awb-margin-bottom-large:20px;--awb-spacing-left-large:0%;--awb-width-medium:100%;--awb-spacing-right-medium:1.92%;--awb-spacing-left-medium:1.92%;--awb-width-small:100%;--awb-spacing-right-small:1.92%;--awb-spacing-left-small:1.92%;\"><div class=\"fusion-column-wrapper fusion-flex-justify-content-flex-start fusion-content-layout-column\"><div class=\"fusion-title title fusion-title-6 sep-underline sep-solid fusion-title-text fusion-title-size-two\" style=\"--awb-text-color:var(--awb-color6);--awb-margin-bottom:20px;--awb-sep-color:var(--awb-color6);\"><h2 class=\"fusion-title-heading title-heading-left fusion-responsive-typography-calculated\" style=\"margin:0;text-transform:uppercase;--fontSize:18;--minFontSize:18;line-height:1.5;\">Mombarone de Graglia<\/h2><\/div><div class=\"fusion-text fusion-text-16 fusion-text-no-margin\" style=\"--awb-content-alignment:justify;--awb-font-size:16px;--awb-margin-bottom:55px;\"><p>Le long d&rsquo;un sentier bien balis\u00e9 et fr\u00e9quent\u00e9, en environ 3h30 de marche depuis la colline de San Carlo di Graglia, vous atteignez le sommet, haut de 2371 m\u00e8tres, qui repr\u00e9sente l&rsquo;un des points les plus panoramiques de la r\u00e9gion de Biella et se trouve \u00e0 seulement 5 minutes de l&rsquo;accueillant refuge Mombarone, o\u00f9 vous pourrez vous rafra\u00eechir apr\u00e8s la mont\u00e9e.<\/p>\n<\/div><a class=\"fb-icon-element-11 fb-icon-element fontawesome-icon fa-walking fas circle-yes fusion-link icon-hover-animation-pulsate\" style=\"--awb-iconcolor:var(--awb-color1);--awb-iconcolor-hover:var(--awb-color6);--awb-circlecolor:var(--awb-color6);--awb-circlecolor-hover:var(--awb-color4);--awb-circlebordercolor:var(--awb-color6);--awb-circlebordercolor-hover:var(--awb-color4);--awb-circlebordersize:1px;--awb-font-size:28.16px;--awb-width:56.32px;--awb-height:56.32px;--awb-line-height:54.32px;--awb-margin-top:0;--awb-margin-right:0;--awb-margin-bottom:0;--awb-margin-left:0;--awb-align-self:center;\" href=\"https:\/\/www.atl.biella.it\/dettaglio-escursione\/-\/d\/colma-di-mombarone-da-san-carlo-di-graglia\" target=\"_blank\" aria-label=\"Link to https:\/\/www.atl.biella.it\/dettaglio-escursione\/-\/d\/colma-di-mombarone-da-san-carlo-di-graglia\" rel=\"noopener noreferrer\"><\/a><div class=\"fusion-text fusion-text-17\" style=\"--awb-content-alignment:center;--awb-font-size:10px;--awb-text-color:var(--awb-color6);\"><p>Plus d&rsquo; nformations<\/p>\n<\/div><\/div><\/div><div class=\"fusion-layout-column fusion_builder_column fusion-builder-column-13 fusion_builder_column_3_5 3_5 fusion-flex-column\" style=\"--awb-bg-blend:overlay;--awb-bg-size:cover;--awb-width-large:60%;--awb-margin-top-large:0px;--awb-spacing-right-large:3.2%;--awb-margin-bottom-large:20px;--awb-spacing-left-large:3.2%;--awb-width-medium:100%;--awb-spacing-right-medium:1.92%;--awb-spacing-left-medium:1.92%;--awb-width-small:100%;--awb-spacing-right-small:1.92%;--awb-spacing-left-small:1.92%;\"><div class=\"fusion-column-wrapper fusion-flex-justify-content-flex-start fusion-content-layout-column\"><div class=\"fusion-image-element \" style=\"--awb-caption-title-font-family:var(--h2_typography-font-family);--awb-caption-title-font-weight:var(--h2_typography-font-weight);--awb-caption-title-font-style:var(--h2_typography-font-style);--awb-caption-title-size:var(--h2_typography-font-size);--awb-caption-title-transform:var(--h2_typography-text-transform);--awb-caption-title-line-height:var(--h2_typography-line-height);--awb-caption-title-letter-spacing:var(--h2_typography-letter-spacing);\"><span class=\" fusion-imageframe imageframe-none imageframe-7 hover-type-none\"><a href=\"https:\/\/www.alpibiellesi.eu\/wp-content\/uploads\/2023\/02\/Itinerari-suggeriti-2023-02.jpg\" class=\"fusion-lightbox\" data-rel=\"iLightbox[e1c2f87de5ddf316723]\" data-title=\"Itinerari-suggeriti-2023-02\" title=\"Itinerari-suggeriti-2023-02\"><img decoding=\"async\" width=\"800\" height=\"600\" src=\"https:\/\/www.alpibiellesi.eu\/wp-content\/uploads\/2023\/02\/Itinerari-suggeriti-2023-02.jpg\" alt class=\"img-responsive wp-image-41101\" srcset=\"https:\/\/www.alpibiellesi.eu\/wp-content\/uploads\/2023\/02\/Itinerari-suggeriti-2023-02-200x150.jpg 200w, https:\/\/www.alpibiellesi.eu\/wp-content\/uploads\/2023\/02\/Itinerari-suggeriti-2023-02-400x300.jpg 400w, https:\/\/www.alpibiellesi.eu\/wp-content\/uploads\/2023\/02\/Itinerari-suggeriti-2023-02-600x450.jpg 600w, https:\/\/www.alpibiellesi.eu\/wp-content\/uploads\/2023\/02\/Itinerari-suggeriti-2023-02.jpg 800w\" sizes=\"(max-width: 1024px) 100vw, (max-width: 640px) 100vw, 800px\" \/><\/a><\/span><\/div><\/div><\/div><div class=\"fusion-layout-column fusion_builder_column fusion-builder-column-14 fusion_builder_column_2_5 2_5 fusion-flex-column\" style=\"--awb-padding-top:22px;--awb-bg-blend:overlay;--awb-bg-size:cover;--awb-width-large:40%;--awb-margin-top-large:0px;--awb-spacing-right-large:4.8%;--awb-margin-bottom-large:20px;--awb-spacing-left-large:0%;--awb-width-medium:100%;--awb-spacing-right-medium:1.92%;--awb-spacing-left-medium:1.92%;--awb-width-small:100%;--awb-spacing-right-small:1.92%;--awb-spacing-left-small:1.92%;\"><div class=\"fusion-column-wrapper fusion-flex-justify-content-flex-start fusion-content-layout-column\"><div class=\"fusion-title title fusion-title-7 sep-underline sep-solid fusion-title-text fusion-title-size-two\" style=\"--awb-text-color:var(--awb-color6);--awb-margin-bottom:20px;\"><h2 class=\"fusion-title-heading title-heading-left fusion-responsive-typography-calculated\" style=\"margin:0;text-transform:uppercase;--fontSize:18;--minFontSize:18;line-height:1.5;\">BANDA VEJA-BANDA SOULIA<\/h2><\/div><div class=\"fusion-text fusion-text-18\" style=\"--awb-content-alignment:justify;--awb-font-size:16px;\"><p>Un sentier qui m\u00e8ne \u00e0 la d\u00e9couverte de certains des plus beaux villages de la Vall\u00e9e du Cervo, r\u00e9v\u00e9lant leur histoire, leur nature et leurs tr\u00e9sors les plus cach\u00e9s. Elle peut \u00eatre r\u00e9alis\u00e9e en une journ\u00e9e par un randonneur moyennement entra\u00een\u00e9, ou en deux jours pour une marche plus lente, et ne pr\u00e9sente pas de difficult\u00e9s particuli\u00e8res. Banda Veja et Banda Soulia sont les noms des deux c\u00f4t\u00e9s (banda) de la vall\u00e9e qui se jettent dans le torrent Cervo. La partie la plus ombrag\u00e9e est la Veja, la partie la plus ensoleill\u00e9e est la Soulia. Avec un d\u00e9nivel\u00e9 d&rsquo;environ 300 m\u00e8tres, entre 700 et 1000 m\u00e8tres d&rsquo;altitude, le parcours m\u00e8ne \u00e9galement au majestueux Sanctuaire de San Giovanni, o\u00f9 il est possible de se rafra\u00eechir et de passer la nuit, comme dans la r\u00e9sidence historique La Bursh \u00e0 Campiglia Cervo<\/p>\n<\/div><a class=\"fb-icon-element-12 fb-icon-element fontawesome-icon fa-walking fas circle-yes fusion-link icon-hover-animation-pulsate\" style=\"--awb-iconcolor:var(--awb-color1);--awb-iconcolor-hover:var(--awb-color6);--awb-circlecolor:var(--awb-color6);--awb-circlecolor-hover:var(--awb-color4);--awb-circlebordercolor:var(--awb-color6);--awb-circlebordercolor-hover:var(--awb-color4);--awb-circlebordersize:1px;--awb-font-size:28.16px;--awb-width:56.32px;--awb-height:56.32px;--awb-line-height:54.32px;--awb-margin-top:0;--awb-margin-right:0;--awb-margin-bottom:0;--awb-margin-left:0;--awb-align-self:center;\" href=\"https:\/\/www.atl.biella.it\/dettaglio-escursione\/-\/d\/banda-veja-e-banda-soulia-alla-scoperta-dei-borghi-della-valle-cervo\" target=\"_blank\" aria-label=\"Link to https:\/\/www.atl.biella.it\/dettaglio-escursione\/-\/d\/banda-veja-e-banda-soulia-alla-scoperta-dei-borghi-della-valle-cervo\" rel=\"noopener noreferrer\"><\/a><div class=\"fusion-text fusion-text-19\" style=\"--awb-content-alignment:center;--awb-font-size:10px;--awb-text-color:var(--awb-color6);\"><p>plus d&rsquo;informations<\/p>\n<\/div><\/div><\/div><div class=\"fusion-layout-column fusion_builder_column fusion-builder-column-15 fusion_builder_column_3_5 3_5 fusion-flex-column\" style=\"--awb-bg-blend:overlay;--awb-bg-size:cover;--awb-width-large:60%;--awb-margin-top-large:0px;--awb-spacing-right-large:3.2%;--awb-margin-bottom-large:20px;--awb-spacing-left-large:3.2%;--awb-width-medium:100%;--awb-spacing-right-medium:1.92%;--awb-spacing-left-medium:1.92%;--awb-width-small:100%;--awb-spacing-right-small:1.92%;--awb-spacing-left-small:1.92%;\"><div class=\"fusion-column-wrapper fusion-flex-justify-content-flex-start fusion-content-layout-column\"><div class=\"fusion-image-element \" style=\"--awb-caption-title-font-family:var(--h2_typography-font-family);--awb-caption-title-font-weight:var(--h2_typography-font-weight);--awb-caption-title-font-style:var(--h2_typography-font-style);--awb-caption-title-size:var(--h2_typography-font-size);--awb-caption-title-transform:var(--h2_typography-text-transform);--awb-caption-title-line-height:var(--h2_typography-line-height);--awb-caption-title-letter-spacing:var(--h2_typography-letter-spacing);\"><span class=\" fusion-imageframe imageframe-none imageframe-8 hover-type-none\"><a href=\"https:\/\/www.alpibiellesi.eu\/wp-content\/uploads\/2023\/03\/RosazzaGragliascaIncisione800-x-600-usate-per-ingrandimento.jpg\" class=\"fusion-lightbox\" data-rel=\"iLightbox[4544908ce29718b18ed]\" data-title=\"RosazzaGragliascaIncisione800 x 600 usate per ingrandimento\" title=\"RosazzaGragliascaIncisione800 x 600 usate per ingrandimento\"><img decoding=\"async\" width=\"800\" height=\"600\" src=\"https:\/\/www.alpibiellesi.eu\/wp-content\/uploads\/2023\/03\/RosazzaGragliascaIncisione800-x-600-usate-per-ingrandimento.jpg\" alt class=\"img-responsive wp-image-41435\" srcset=\"https:\/\/www.alpibiellesi.eu\/wp-content\/uploads\/2023\/03\/RosazzaGragliascaIncisione800-x-600-usate-per-ingrandimento-200x150.jpg 200w, https:\/\/www.alpibiellesi.eu\/wp-content\/uploads\/2023\/03\/RosazzaGragliascaIncisione800-x-600-usate-per-ingrandimento-400x300.jpg 400w, https:\/\/www.alpibiellesi.eu\/wp-content\/uploads\/2023\/03\/RosazzaGragliascaIncisione800-x-600-usate-per-ingrandimento-600x450.jpg 600w, https:\/\/www.alpibiellesi.eu\/wp-content\/uploads\/2023\/03\/RosazzaGragliascaIncisione800-x-600-usate-per-ingrandimento.jpg 800w\" sizes=\"(max-width: 1024px) 100vw, (max-width: 640px) 100vw, 800px\" \/><\/a><\/span><\/div><\/div><\/div><div class=\"fusion-layout-column fusion_builder_column fusion-builder-column-16 fusion_builder_column_2_5 2_5 fusion-flex-column\" style=\"--awb-padding-top:22px;--awb-bg-blend:overlay;--awb-bg-size:cover;--awb-width-large:40%;--awb-margin-top-large:0px;--awb-spacing-right-large:4.8%;--awb-margin-bottom-large:20px;--awb-spacing-left-large:0%;--awb-width-medium:100%;--awb-spacing-right-medium:1.92%;--awb-spacing-left-medium:1.92%;--awb-width-small:100%;--awb-spacing-right-small:1.92%;--awb-spacing-left-small:1.92%;\"><div class=\"fusion-column-wrapper fusion-flex-justify-content-flex-start fusion-content-layout-column\"><div class=\"fusion-title title fusion-title-8 sep-underline sep-solid fusion-title-text fusion-title-size-two\" style=\"--awb-text-color:var(--awb-color6);--awb-margin-bottom:20px;\"><h2 class=\"fusion-title-heading title-heading-left fusion-responsive-typography-calculated\" style=\"margin:0;text-transform:uppercase;--fontSize:18;--minFontSize:18;line-height:1.5;\">DE ROSAZZA AU COL DELLA GRAGLIASCA<\/h2><\/div><div class=\"fusion-text fusion-text-20\" style=\"--awb-content-alignment:justify;--awb-font-size:16px;\"><p>Le sentier est difficile et a une valeur historique car il a \u00e9t\u00e9 construit comme un chemin de liaison entre la vall\u00e9e de Cervo et la vall\u00e9e d&rsquo;Aoste.<br \/>\nLe long du chemin, il y a plusieurs gravures rupestres qui c\u00e9l\u00e8brent la figure f\u00e9minine, la Siunera, qui collectait et transportait dans de lourds paniers le siun, une herbe avec laquelle, en plus de nourrir le b\u00e9tail, ils remplissaient les lits et les oreillers. Le long du chemin muletier, vous pourrez admirer des hauts-reliefs de visages f\u00e9minins et des gravures rupestres avec des messages de salutations et de bons v\u0153ux grav\u00e9s dans les rochers ; abris creus\u00e9s dans la roche ; des si\u00e8ges en pierre pour permettre le repos ; gu\u00e9s pav\u00e9s au bord des ruisseaux.<\/p>\n<\/div><a class=\"fb-icon-element-13 fb-icon-element fontawesome-icon fa-walking fas circle-yes fusion-link icon-hover-animation-pulsate\" style=\"--awb-iconcolor:var(--awb-color1);--awb-iconcolor-hover:var(--awb-color6);--awb-circlecolor:var(--awb-color6);--awb-circlecolor-hover:var(--awb-color4);--awb-circlebordercolor:var(--awb-color6);--awb-circlebordercolor-hover:var(--awb-color4);--awb-circlebordersize:1px;--awb-font-size:28.16px;--awb-width:56.32px;--awb-height:56.32px;--awb-line-height:54.32px;--awb-margin-top:0;--awb-margin-right:0;--awb-margin-bottom:0;--awb-margin-left:0;--awb-align-self:center;\" href=\"https:\/\/www.atl.biella.it\/itinerario-dettaglio\/-\/d\/psr-09-da-rosazza-al-colle-della-gragliasca\" target=\"_blank\" aria-label=\"Link to https:\/\/www.atl.biella.it\/itinerario-dettaglio\/-\/d\/psr-09-da-rosazza-al-colle-della-gragliasca\" rel=\"noopener noreferrer\"><\/a><div class=\"fusion-text fusion-text-21\" style=\"--awb-content-alignment:center;--awb-font-size:10px;--awb-text-color:var(--awb-color6);\"><p>plus d&rsquo;informations<\/p>\n<\/div><\/div><\/div><div class=\"fusion-layout-column fusion_builder_column fusion-builder-column-17 fusion_builder_column_3_5 3_5 fusion-flex-column\" style=\"--awb-bg-blend:overlay;--awb-bg-size:cover;--awb-width-large:60%;--awb-margin-top-large:0px;--awb-spacing-right-large:3.2%;--awb-margin-bottom-large:20px;--awb-spacing-left-large:3.2%;--awb-width-medium:100%;--awb-spacing-right-medium:1.92%;--awb-spacing-left-medium:1.92%;--awb-width-small:100%;--awb-spacing-right-small:1.92%;--awb-spacing-left-small:1.92%;\"><div class=\"fusion-column-wrapper fusion-flex-justify-content-flex-start fusion-content-layout-column\"><div class=\"fusion-image-element \" style=\"--awb-caption-title-font-family:var(--h2_typography-font-family);--awb-caption-title-font-weight:var(--h2_typography-font-weight);--awb-caption-title-font-style:var(--h2_typography-font-style);--awb-caption-title-size:var(--h2_typography-font-size);--awb-caption-title-transform:var(--h2_typography-text-transform);--awb-caption-title-line-height:var(--h2_typography-line-height);--awb-caption-title-letter-spacing:var(--h2_typography-letter-spacing);\"><span class=\" fusion-imageframe imageframe-none imageframe-9 hover-type-none\"><a href=\"https:\/\/www.alpibiellesi.eu\/wp-content\/uploads\/2026\/02\/Ermengildo-800x600-1.jpg\" class=\"fusion-lightbox\" data-rel=\"iLightbox[b1320303dde1959a79b]\" data-title=\"Ermengildo 800&#215;600\" title=\"Ermengildo 800&#215;600\"><img decoding=\"async\" width=\"800\" height=\"600\" src=\"https:\/\/www.alpibiellesi.eu\/wp-content\/uploads\/2026\/02\/Ermengildo-800x600-1.jpg\" alt class=\"img-responsive wp-image-60130\" srcset=\"https:\/\/www.alpibiellesi.eu\/wp-content\/uploads\/2026\/02\/Ermengildo-800x600-1-200x150.jpg 200w, https:\/\/www.alpibiellesi.eu\/wp-content\/uploads\/2026\/02\/Ermengildo-800x600-1-400x300.jpg 400w, https:\/\/www.alpibiellesi.eu\/wp-content\/uploads\/2026\/02\/Ermengildo-800x600-1-600x450.jpg 600w, https:\/\/www.alpibiellesi.eu\/wp-content\/uploads\/2026\/02\/Ermengildo-800x600-1.jpg 800w\" sizes=\"(max-width: 1024px) 100vw, (max-width: 640px) 100vw, 800px\" \/><\/a><\/span><\/div><\/div><\/div><div class=\"fusion-layout-column fusion_builder_column fusion-builder-column-18 fusion_builder_column_2_5 2_5 fusion-flex-column\" style=\"--awb-padding-top:22px;--awb-bg-blend:overlay;--awb-bg-size:cover;--awb-width-large:40%;--awb-margin-top-large:0px;--awb-spacing-right-large:4.8%;--awb-margin-bottom-large:20px;--awb-spacing-left-large:0%;--awb-width-medium:100%;--awb-spacing-right-medium:1.92%;--awb-spacing-left-medium:1.92%;--awb-width-small:100%;--awb-spacing-right-small:1.92%;--awb-spacing-left-small:1.92%;\"><div class=\"fusion-column-wrapper fusion-flex-justify-content-flex-start fusion-content-layout-column\"><div class=\"fusion-title title fusion-title-9 sep-underline sep-solid fusion-title-text fusion-title-size-two\" style=\"--awb-text-color:var(--awb-color6);--awb-margin-bottom:20px;--awb-sep-color:var(--awb-color6);\"><h2 class=\"fusion-title-heading title-heading-left fusion-responsive-typography-calculated\" style=\"margin:0;text-transform:uppercase;--fontSize:18;--minFontSize:18;line-height:1.5;\">LE CHEMIN DE ERMENEGILDO<\/h2><\/div><div class=\"fusion-text fusion-text-22\" style=\"--awb-content-alignment:justify;--awb-font-size:16px;\"><p>Le sentier de Ermenegildo, situ\u00e9 dans l&rsquo;oasi Zegna, est une randonn\u00e9e en boucle de trois jours, longue de 51 km et pr\u00e9sentant un d\u00e9nivel\u00e9 positif total de 2 020 m\u00e8tres. Elle est con\u00e7ue pour les randonneurs de niveau interm\u00e9diaire.<br \/>\nPendant ces trois jours de marche (environ 16 heures au total), les participants traverseront un paysage de plus de 100 km\u00b2 compos\u00e9 de for\u00eats, d&rsquo;alpages, de sentiers de d\u00e9couverte de la nature et de vues spectaculaires sur la plaine du P\u00f4 et les Alpes.<br \/>\nCe sentier est accessible toute l&rsquo;ann\u00e9e, sauf en hiver en raison des risques de neige et de verglas.<\/p>\n<\/div><a class=\"fb-icon-element-14 fb-icon-element fontawesome-icon fa-walking fas circle-yes fusion-link icon-hover-animation-pulsate\" style=\"--awb-iconcolor:var(--awb-color1);--awb-iconcolor-hover:var(--awb-color6);--awb-circlecolor:var(--awb-color6);--awb-circlecolor-hover:var(--awb-color4);--awb-circlebordercolor:var(--awb-color6);--awb-circlebordercolor-hover:var(--awb-color4);--awb-circlebordersize:1px;--awb-font-size:28.16px;--awb-width:56.32px;--awb-height:56.32px;--awb-line-height:54.32px;--awb-margin-top:0;--awb-margin-right:0;--awb-margin-bottom:0;--awb-margin-left:0;--awb-align-self:center;\" href=\"https:\/\/www.oasizegna.com\/en\/il-cammino-di-ermenegildo\/cammino-di-ermenegildo-closed_11601.html\" target=\"_blank\" aria-label=\"Link to https:\/\/www.oasizegna.com\/en\/il-cammino-di-ermenegildo\/cammino-di-ermenegildo-closed_11601.html\" rel=\"noopener noreferrer\"><\/a><div class=\"fusion-text fusion-text-23\" style=\"--awb-content-alignment:center;--awb-font-size:10px;--awb-text-color:var(--awb-color6);\"><p>plus d&rsquo;informations<\/p>\n<\/div><\/div><\/div><div class=\"fusion-layout-column fusion_builder_column fusion-builder-column-19 fusion_builder_column_3_5 3_5 fusion-flex-column\" style=\"--awb-bg-blend:overlay;--awb-bg-size:cover;--awb-width-large:60%;--awb-margin-top-large:0px;--awb-spacing-right-large:3.2%;--awb-margin-bottom-large:20px;--awb-spacing-left-large:3.2%;--awb-width-medium:100%;--awb-spacing-right-medium:1.92%;--awb-spacing-left-medium:1.92%;--awb-width-small:100%;--awb-spacing-right-small:1.92%;--awb-spacing-left-small:1.92%;\"><div class=\"fusion-column-wrapper fusion-flex-justify-content-flex-start fusion-content-layout-column\"><div class=\"fusion-image-element \" style=\"--awb-caption-title-font-family:var(--h2_typography-font-family);--awb-caption-title-font-weight:var(--h2_typography-font-weight);--awb-caption-title-font-style:var(--h2_typography-font-style);--awb-caption-title-size:var(--h2_typography-font-size);--awb-caption-title-transform:var(--h2_typography-text-transform);--awb-caption-title-line-height:var(--h2_typography-line-height);--awb-caption-title-letter-spacing:var(--h2_typography-letter-spacing);\"><span class=\" fusion-imageframe imageframe-none imageframe-10 hover-type-none\"><a href=\"https:\/\/www.alpibiellesi.eu\/wp-content\/uploads\/2023\/02\/Itinerari-suggeriti-2023-01.jpg\" class=\"fusion-lightbox\" data-rel=\"iLightbox[3da8bfba4729aae7638]\" data-title=\"Itinerari-suggeriti-2023-01\" title=\"Itinerari-suggeriti-2023-01\"><img decoding=\"async\" width=\"800\" height=\"600\" src=\"https:\/\/www.alpibiellesi.eu\/wp-content\/uploads\/2023\/02\/Itinerari-suggeriti-2023-01.jpg\" alt class=\"img-responsive wp-image-41103\" srcset=\"https:\/\/www.alpibiellesi.eu\/wp-content\/uploads\/2023\/02\/Itinerari-suggeriti-2023-01-200x150.jpg 200w, https:\/\/www.alpibiellesi.eu\/wp-content\/uploads\/2023\/02\/Itinerari-suggeriti-2023-01-400x300.jpg 400w, https:\/\/www.alpibiellesi.eu\/wp-content\/uploads\/2023\/02\/Itinerari-suggeriti-2023-01-600x450.jpg 600w, https:\/\/www.alpibiellesi.eu\/wp-content\/uploads\/2023\/02\/Itinerari-suggeriti-2023-01.jpg 800w\" sizes=\"(max-width: 1024px) 100vw, (max-width: 640px) 100vw, 800px\" \/><\/a><\/span><\/div><\/div><\/div><div class=\"fusion-layout-column fusion_builder_column fusion-builder-column-20 fusion_builder_column_2_5 2_5 fusion-flex-column\" style=\"--awb-padding-top:22px;--awb-bg-blend:overlay;--awb-bg-size:cover;--awb-width-large:40%;--awb-margin-top-large:0px;--awb-spacing-right-large:4.8%;--awb-margin-bottom-large:20px;--awb-spacing-left-large:0%;--awb-width-medium:100%;--awb-spacing-right-medium:1.92%;--awb-spacing-left-medium:1.92%;--awb-width-small:100%;--awb-spacing-right-small:1.92%;--awb-spacing-left-small:1.92%;\"><div class=\"fusion-column-wrapper fusion-flex-justify-content-flex-start fusion-content-layout-column\"><div class=\"fusion-title title fusion-title-10 sep-underline sep-solid fusion-title-text fusion-title-size-two\" style=\"--awb-text-color:var(--awb-color6);--awb-margin-bottom:20px;--awb-sep-color:var(--awb-color6);\"><h2 class=\"fusion-title-heading title-heading-left fusion-responsive-typography-calculated\" style=\"margin:0;text-transform:uppercase;--fontSize:18;--minFontSize:18;line-height:1.5;\">LE CHEMIN DE OROPA<\/h2><\/div><div class=\"fusion-text fusion-text-24\" style=\"--awb-content-alignment:justify;--awb-font-size:16px;\"><p>Variante occidentale<\/p>\n<p>Quatre jours de marche de Santhi\u00e0 \u00e0 Oropa pour d\u00e9couvrir les beaut\u00e9s paysag\u00e8res, historiques et culturelles du territoire de Biella : de la plaine vers la Serra morenica, jusqu&rsquo;aux Alpes de Biella et au c\u00e9l\u00e8bre complexe du sanctuaire d&rsquo;Oropa.<\/p>\n<\/div><a class=\"fb-icon-element-15 fb-icon-element fontawesome-icon fa-walking fas circle-yes fusion-link icon-hover-animation-pulsate\" style=\"--awb-iconcolor:var(--awb-color1);--awb-iconcolor-hover:var(--awb-color6);--awb-circlecolor:var(--awb-color6);--awb-circlecolor-hover:var(--awb-color4);--awb-circlebordercolor:var(--awb-color6);--awb-circlebordercolor-hover:var(--awb-color4);--awb-circlebordersize:1px;--awb-font-size:28.16px;--awb-width:56.32px;--awb-height:56.32px;--awb-line-height:54.32px;--awb-margin-top:0;--awb-margin-right:0;--awb-margin-bottom:0;--awb-margin-left:0;--awb-align-self:center;\" href=\"https:\/\/camminodioropa.it\/en\/cammino-di-oropa-della-serra\/\" target=\"_blank\" aria-label=\"Link to https:\/\/camminodioropa.it\/en\/cammino-di-oropa-della-serra\/\" rel=\"noopener noreferrer\"><\/a><div class=\"fusion-text fusion-text-25\" style=\"--awb-content-alignment:center;--awb-font-size:10px;--awb-text-color:var(--awb-color6);\"><p>plus d&rsquo;informations<\/p>\n<\/div><div class=\"fusion-text fusion-text-26\" style=\"--awb-content-alignment:justify;--awb-font-size:16px;\"><p>Variante orientale<\/p>\n<p>Technique et exigeant, il s&rsquo;apparente davantage \u00e0 un itin\u00e9raire de randonn\u00e9e qu&rsquo;\u00e0 une promenade.On peut le parcourir dans deux directions : en partant de Valle Mosso, en traversant Valle Cervo et en arrivant enfin au Sanctuaire d&rsquo;Oropa ou il peut \u00eatre consid\u00e9r\u00e9 comme une continuation du voyage pour ceux qui arrivent d&rsquo;Oropa apr\u00e8s avoir parcouru soit le Cammino della Serra soit le Cammino Canavesano.<\/p>\n<\/div><a class=\"fb-icon-element-16 fb-icon-element fontawesome-icon fa-walking fas circle-yes fusion-link icon-hover-animation-pulsate\" style=\"--awb-iconcolor:var(--awb-color1);--awb-iconcolor-hover:var(--awb-color6);--awb-circlecolor:var(--awb-color6);--awb-circlecolor-hover:var(--awb-color4);--awb-circlebordercolor:var(--awb-color6);--awb-circlebordercolor-hover:var(--awb-color4);--awb-circlebordersize:1px;--awb-font-size:28.16px;--awb-width:56.32px;--awb-height:56.32px;--awb-line-height:54.32px;--awb-margin-top:0;--awb-margin-right:0;--awb-margin-bottom:0;--awb-margin-left:0;--awb-align-self:center;\" href=\"https:\/\/camminodioropa.it\/en\/cammino-di-oropa-orientale\/\" target=\"_blank\" aria-label=\"Link to https:\/\/camminodioropa.it\/en\/cammino-di-oropa-orientale\/\" rel=\"noopener noreferrer\"><\/a><div class=\"fusion-text fusion-text-27\" style=\"--awb-content-alignment:center;--awb-font-size:10px;--awb-text-color:var(--awb-color6);\"><p><a href=\"https:\/\/camminodioropa.it\/cammino-di-oropa-orientale\/\">plus d&rsquo;informations<\/a><\/p>\n<\/div><\/div><\/div><\/div><\/div><\/p>\n","protected":false},"excerpt":{"rendered":"","protected":false},"author":38,"featured_media":0,"parent":0,"menu_order":0,"comment_status":"closed","ping_status":"closed","template":"100-width.php","meta":{"footnotes":""},"class_list":["post-53178","page","type-page","status-publish","hentry"],"aioseo_notices":[],"_links":{"self":[{"href":"https:\/\/www.alpibiellesi.eu\/fr\/wp-json\/wp\/v2\/pages\/53178","targetHints":{"allow":["GET"]}}],"collection":[{"href":"https:\/\/www.alpibiellesi.eu\/fr\/wp-json\/wp\/v2\/pages"}],"about":[{"href":"https:\/\/www.alpibiellesi.eu\/fr\/wp-json\/wp\/v2\/types\/page"}],"author":[{"embeddable":true,"href":"https:\/\/www.alpibiellesi.eu\/fr\/wp-json\/wp\/v2\/users\/38"}],"replies":[{"embeddable":true,"href":"https:\/\/www.alpibiellesi.eu\/fr\/wp-json\/wp\/v2\/comments?post=53178"}],"version-history":[{"count":7,"href":"https:\/\/www.alpibiellesi.eu\/fr\/wp-json\/wp\/v2\/pages\/53178\/revisions"}],"predecessor-version":[{"id":60138,"href":"https:\/\/www.alpibiellesi.eu\/fr\/wp-json\/wp\/v2\/pages\/53178\/revisions\/60138"}],"wp:attachment":[{"href":"https:\/\/www.alpibiellesi.eu\/fr\/wp-json\/wp\/v2\/media?parent=53178"}],"curies":[{"name":"wp","href":"https:\/\/api.w.org\/{rel}","templated":true}]}}